{"id":54093,"date":"2024-11-30T00:00:00","date_gmt":"2024-11-30T00:00:00","guid":{"rendered":"https:\/\/vrpartners.pt\/properties\/appartement-duplex-unique-pres-de-la-basilique-da-estrela-a-lisbonne-842132\/"},"modified":"2026-09-03T16:55:05","modified_gmt":"2026-09-03T15:55:05","slug":"appartement-duplex-unique-pres-de-la-basilique-da-estrela-a-lisbonne-842132","status":"publish","type":"psfc_property","link":"https:\/\/vrpartners.pt\/fr\/properties\/appartement-duplex-unique-pres-de-la-basilique-da-estrela-a-lisbonne-842132\/","title":{"rendered":"Duplex de luxe avec des vues uniques sur Estrela et le Tage"},"content":{"rendered":"<p>Entre la Basilique da Estrela et le Parlement, se trouve cet extraordinaire duplex appartement, situ\u00e9 aux \u00e9tages sup\u00e9rieurs d\u2019un \u00e9l\u00e9gant b\u00e2timent des ann\u00e9es 1920, soigneusement pr\u00e9serv\u00e9 et tr\u00e8s bien entretenu. <\/p>\n<p>Avec une superficie totale de 404 m\u00b2, ce bien se distingue par sa taille, sa confidentialit\u00e9, la qualit\u00e9 de sa r\u00e9novation et, surtout, par ses vues absolument exceptionnelles sur les jardins de la r\u00e9sidence officielle du Premier ministre, de l\u2019Assembl\u00e9e de la R\u00e9publique, de la ville historique de Lisbonne et du fleuve Tage. <\/p>\n<p>L\u2019appartement a \u00e9t\u00e9 enti\u00e8rement r\u00e9nov\u00e9 avec des mat\u00e9riaux de haute qualit\u00e9, sous la direction d\u2019un architecte renomm\u00e9, alliant le caract\u00e8re classique du b\u00e2timent \u00e0 un langage contemporain et \u00e0 l\u2019\u00e9l\u00e9gance intemporelle de l\u2019Art de Vivre fran\u00e7ais. <\/p>\n<p>L\u2019espace social se compose d\u2019un impressionnant salon triple, compl\u00e9t\u00e9 par une cuisine moderne et fonctionnelle. Dans l\u2019espace priv\u00e9, il y a quatre chambres, dont deux suites d\u2019amis et une magnifique suite parentale avec dressing et salle de bain en marbre. <\/p>\n<p>La propri\u00e9t\u00e9 dispose \u00e9galement d\u2019un atelier d\u2019artiste, d\u2019un espace ext\u00e9rieur priv\u00e9 de 17 m\u00b2 et de deux places de parking couvertes, un atout particuli\u00e8rement rare \u00e0 cet endroit. <\/p>\n<p>Une r\u00e9sidence v\u00e9ritablement unique, id\u00e9ale pour ceux qui recherchent de l\u2019espace, de l\u2019exclusivit\u00e9, de l\u2019histoire, du confort et des vues incomparables au c\u0153ur de Lisbonne. <\/p>\n<p>Contactez-nous pour plus d\u2019informations ou pour planifier une visite priv\u00e9e de cette propri\u00e9t\u00e9 exceptionnelle.<\/p>\n","protected":false},"template":"","meta":{"_acf_changed":false,"_seopress_titles_title":"","_seopress_titles_desc":"","_seopress_robots_index":"","_seopress_robots_follow":"","_seopress_robots_imageindex":"","_seopress_robots_snippet":"","_seopress_robots_primary_cat":"","_seopress_robots_breadcrumbs":"","_seopress_robots_freeze_modified_date":"","_seopress_robots_custom_modified_date":"","_seopress_robots_canonical":"","_seopress_social_fb_title":"","_seopress_social_fb_desc":"","_seopress_social_fb_img":"","_seopress_social_fb_img_attachment_id":0,"_seopress_social_fb_img_width":0,"_seopress_social_fb_img_height":0,"_seopress_social_twitter_title":"","_seopress_social_twitter_desc":"","_seopress_social_twitter_img":"","_seopress_social_twitter_img_attachment_id":0,"_seopress_social_twitter_img_width":0,"_seopress_social_twitter_img_height":0,"_seopress_redirections_value":"","_seopress_redirections_enabled":"","_seopress_redirections_enabled_regex":"","_seopress_redirections_logged_status":"","_seopress_redirections_param":"","_seopress_redirections_type":0,"_seopress_analysis_target_kw":"","_seopress_news_disabled":"","_seopress_video_disabled":"","_seopress_video":[],"_seopress_pro_schemas_manual":[],"_seopress_pro_rich_snippets_disable_all":"","_seopress_pro_rich_snippets_disable":[],"_seopress_pro_schemas":[]},"psfc_property_type":[372],"psfc_location":[327],"psfc_operation_type":[369],"psfc_label":[],"class_list":["post-54093","psfc_property","type-psfc_property","status-publish","has-post-thumbnail","hentry","psfc_property_type-appartement-fr","psfc_location-lisboa","psfc_operation_type-a-vendre-fr"],"acf":[],"_links":{"self":[{"href":"https:\/\/vrpartners.pt\/fr\/wp-json\/wp\/v2\/psfc_property\/54093","targetHints":{"allow":["GET"]}}],"collection":[{"href":"https:\/\/vrpartners.pt\/fr\/wp-json\/wp\/v2\/psfc_property"}],"about":[{"href":"https:\/\/vrpartners.pt\/fr\/wp-json\/wp\/v2\/types\/psfc_property"}],"wp:attachment":[{"href":"https:\/\/vrpartners.pt\/fr\/wp-json\/wp\/v2\/media?parent=54093"}],"wp:term":[{"taxonomy":"psfc_property_type","embeddable":true,"href":"https:\/\/vrpartners.pt\/fr\/wp-json\/wp\/v2\/psfc_property_type?post=54093"},{"taxonomy":"psfc_location","embeddable":true,"href":"https:\/\/vrpartners.pt\/fr\/wp-json\/wp\/v2\/psfc_location?post=54093"},{"taxonomy":"psfc_operation_type","embeddable":true,"href":"https:\/\/vrpartners.pt\/fr\/wp-json\/wp\/v2\/psfc_operation_type?post=54093"},{"taxonomy":"psfc_label","embeddable":true,"href":"https:\/\/vrpartners.pt\/fr\/wp-json\/wp\/v2\/psfc_label?post=54093"}],"curies":[{"name":"wp","href":"https:\/\/api.w.org\/{rel}","templated":true}]}}