{"id":54099,"date":"2025-11-30T00:00:00","date_gmt":"2025-11-30T00:00:00","guid":{"rendered":"https:\/\/vrpartners.pt\/properties\/manoir-historique-avec-vue-sur-le-fleuve-a-lapa-lisbonne-842114\/"},"modified":"2026-08-16T11:55:06","modified_gmt":"2026-08-16T10:55:06","slug":"manoir-historique-avec-vue-sur-le-fleuve-a-lapa-lisbonne-842114","status":"publish","type":"psfc_property","link":"https:\/\/vrpartners.pt\/fr\/properties\/manoir-historique-avec-vue-sur-le-fleuve-a-lapa-lisbonne-842114\/","title":{"rendered":"Palais historique de Lapa surplombant le Tage"},"content":{"rendered":"<p>Magnifique palais historique situ\u00e9 dans l\u2019un des quartiers les plus nobles et exclusifs de Lisbonne, Lapa, entour\u00e9 de palais, ambassades, jardins priv\u00e9s et b\u00e2timents de grande valeur patrimoniale.<\/p>\n<p>Avec deux fa\u00e7ades donnant sur les rues embl\u00e9matiques de Lapa et une troisi\u00e8me donnant sur un espace priv\u00e9 d\u2019environ 300 m\u00b2, cette propri\u00e9t\u00e9 se distingue par son architecture \u00e9clectique et son immense potentiel d\u2019appr\u00e9ciation et de transformation.<\/p>\n<p>Le b\u00e2timent a \u00e9t\u00e9 construit en deux phases, le rez-de-chauss\u00e9e datant du XVIIIe si\u00e8cle et les \u00e9tages restants du XIXe si\u00e8cle. \u00c0 l\u2019int\u00e9rieur, il conserve des \u00e9l\u00e9ments de grande qualit\u00e9, tels que les anciens sols en pierre, les carreaux du XVIIIe si\u00e8cle, un imposant escalier en pierre, des fen\u00eatres fran\u00e7aises avec des cadres en pierre et des balcons individuels en m\u00e9tal d\u00e9licat.<\/p>\n<p>La distribution est r\u00e9partie sur plusieurs \u00e9tages. Le rez-de-chauss\u00e9e comprend un \u00e9l\u00e9gant hall d\u2019entr\u00e9e \u00e0 double hauteur, plusieurs salons, une cuisine, des salles de bains, un acc\u00e8s au jardin, un ascenseur et une entr\u00e9e secondaire. Le rez-de-chauss\u00e9e comprend cinq chambres, trois salles de bains compl\u00e8tes, ainsi que de vastes espaces de vie et de salle \u00e0 manger. Le deuxi\u00e8me \u00e9tage, plus en arri\u00e8re, ajoute quatre chambres, trois salles de bains, une cuisine et un salon avec chemin\u00e9e, en plus de l\u2019acc\u00e8s au grenier.<\/p>\n<p>La propri\u00e9t\u00e9 comprend \u00e9galement une ancienne annexe, initialement utilis\u00e9e comme \u00e9curie au XVIIIe si\u00e8cle, puis transform\u00e9e en garage et adapt\u00e9e \u00e0 un usage r\u00e9sidentiel.<\/p>\n<p>Vendue telle quelle, cette propri\u00e9t\u00e9 offre une occasion rare de cr\u00e9er un projet v\u00e9ritablement exclusif \u00e0 Lisbonne. En raison de sa taille, de son emplacement, de ses caract\u00e9ristiques architecturales et de la possibilit\u00e9 d\u2019intervention, il peut \u00eatre adapt\u00e9 \u00e0 une r\u00e9sidence priv\u00e9e de luxe, un h\u00f4tel boutique, un immeuble institutionnel ou un projet d\u2019appartements haut de gamme.<\/p>\n<p>Il est \u00e9galement possible de cr\u00e9er un jardin, un garage et une terrasse surplombant le fleuve Tage, augmentant consid\u00e9rablement la valeur et l\u2019exclusivit\u00e9 du projet.<\/p>\n<p>Une propri\u00e9t\u00e9 unique \u00e0 Lapa, avec une histoire, un emplacement et un potentiel pour un projet exceptionnel. Contactez-nous pour plus d\u2019informations ou pour planifier une visite priv\u00e9e.<\/p>\n","protected":false},"template":"","meta":{"_acf_changed":false,"_seopress_titles_title":"","_seopress_titles_desc":"","_seopress_robots_index":"","_seopress_robots_follow":"","_seopress_robots_imageindex":"","_seopress_robots_snippet":"","_seopress_robots_primary_cat":"","_seopress_robots_breadcrumbs":"","_seopress_robots_freeze_modified_date":"","_seopress_robots_custom_modified_date":"","_seopress_robots_canonical":"","_seopress_social_fb_title":"","_seopress_social_fb_desc":"","_seopress_social_fb_img":"","_seopress_social_fb_img_attachment_id":0,"_seopress_social_fb_img_width":0,"_seopress_social_fb_img_height":0,"_seopress_social_twitter_title":"","_seopress_social_twitter_desc":"","_seopress_social_twitter_img":"","_seopress_social_twitter_img_attachment_id":0,"_seopress_social_twitter_img_width":0,"_seopress_social_twitter_img_height":0,"_seopress_redirections_value":"","_seopress_redirections_enabled":"","_seopress_redirections_enabled_regex":"","_seopress_redirections_logged_status":"","_seopress_redirections_param":"","_seopress_redirections_type":0,"_seopress_analysis_target_kw":"","_seopress_news_disabled":"","_seopress_video_disabled":"","_seopress_video":[],"_seopress_pro_schemas_manual":[],"_seopress_pro_rich_snippets_disable_all":"","_seopress_pro_rich_snippets_disable":[],"_seopress_pro_schemas":[]},"psfc_property_type":[370],"psfc_location":[327],"psfc_operation_type":[369],"psfc_label":[],"class_list":["post-54099","psfc_property","type-psfc_property","status-publish","has-post-thumbnail","hentry","psfc_property_type-maison-fr","psfc_location-lisboa","psfc_operation_type-a-vendre-fr"],"acf":[],"_links":{"self":[{"href":"https:\/\/vrpartners.pt\/fr\/wp-json\/wp\/v2\/psfc_property\/54099","targetHints":{"allow":["GET"]}}],"collection":[{"href":"https:\/\/vrpartners.pt\/fr\/wp-json\/wp\/v2\/psfc_property"}],"about":[{"href":"https:\/\/vrpartners.pt\/fr\/wp-json\/wp\/v2\/types\/psfc_property"}],"wp:attachment":[{"href":"https:\/\/vrpartners.pt\/fr\/wp-json\/wp\/v2\/media?parent=54099"}],"wp:term":[{"taxonomy":"psfc_property_type","embeddable":true,"href":"https:\/\/vrpartners.pt\/fr\/wp-json\/wp\/v2\/psfc_property_type?post=54099"},{"taxonomy":"psfc_location","embeddable":true,"href":"https:\/\/vrpartners.pt\/fr\/wp-json\/wp\/v2\/psfc_location?post=54099"},{"taxonomy":"psfc_operation_type","embeddable":true,"href":"https:\/\/vrpartners.pt\/fr\/wp-json\/wp\/v2\/psfc_operation_type?post=54099"},{"taxonomy":"psfc_label","embeddable":true,"href":"https:\/\/vrpartners.pt\/fr\/wp-json\/wp\/v2\/psfc_label?post=54099"}],"curies":[{"name":"wp","href":"https:\/\/api.w.org\/{rel}","templated":true}]}}