{"id":54150,"date":"2026-04-27T10:39:21","date_gmt":"2026-04-27T09:39:21","guid":{"rendered":"https:\/\/vrpartners.pt\/properties\/villa-de-luxe-a-restelo-842381\/"},"modified":"2026-09-04T11:55:05","modified_gmt":"2026-09-04T10:55:05","slug":"villa-de-luxe-a-restelo-842381","status":"publish","type":"psfc_property","link":"https:\/\/vrpartners.pt\/fr\/properties\/villa-de-luxe-a-restelo-842381\/","title":{"rendered":"Villa de luxe 6+ chambres avec piscine chauff\u00e9e et jardin priv\u00e9 \u00e0 Restelo"},"content":{"rendered":"<p>Situ\u00e9e dans l\u2019un des quartiers r\u00e9sidentiels les plus prestigieux de Lisbonne, cette extraordinaire villa de 6+ chambres \u00e0 Restelo allie le caract\u00e8re de l\u2019architecture portugaise au confort contemporain, aux espaces vastes et \u00e0 une excellente position.<\/p>\n<p>Implant\u00e9e sur un terrain de 916,40 m\u00b2, avec 640 m\u00b2 de superficie brute et 450 m\u00b2 de surface au sol, la propri\u00e9t\u00e9 est d\u00e9velopp\u00e9e sur trois \u00e9tages et un grenier, offrant une distribution polyvalente con\u00e7ue pour une vie familiale sophistiqu\u00e9e.<\/p>\n<p>Initialement con\u00e7ue par le c\u00e9l\u00e8bre architecte Raul Lino, la villa a \u00e9t\u00e9 enti\u00e8rement r\u00e9nov\u00e9e en 2018, pr\u00e9servant son identit\u00e9 architecturale et int\u00e9grant des mat\u00e9riaux nobles, des finitions de qualit\u00e9 et des solutions contemporaines.<\/p>\n<p>Le rez-de-chauss\u00e9e regroupe les principales zones sociales, avec un \u00e9l\u00e9gant hall d\u2019entr\u00e9e, un salon, une salle \u00e0 manger, un bureau, une biblioth\u00e8que et deux cuisines, dont une cuisine principale avec un garde-manger et une cuisine de soutien.<\/p>\n<p>Au premier \u00e9tage se trouve l\u2019espace priv\u00e9 principal, compos\u00e9 d\u2019une magnifique suite avec dressing et de deux salles de bains priv\u00e9es, de deux chambres suppl\u00e9mentaires et d\u2019une salle de bain.<\/p>\n<p>Le grenier ajoute \u00e9galement un espace polyvalent, actuellement am\u00e9nag\u00e9 pour servir de chambre ou de salon, avec une salle de bain compl\u00e8te.<\/p>\n<p>Le rez-de-chauss\u00e9e se distingue par sa polyvalence, avec une grande salle polyvalente, une cave \u00e0 vin climatis\u00e9e, une cuisine d\u2019appui, deux suites suppl\u00e9mentaires, une buanderie et des espaces de rangement, pouvant servir d\u2019espace ind\u00e9pendant pour les invit\u00e9s, les membres de la famille, le personnel ou les loisirs.<\/p>\n<p>\u00c0 l\u2019ext\u00e9rieur, la propri\u00e9t\u00e9 b\u00e9n\u00e9ficie d\u2019un jardin priv\u00e9 et d\u2019une piscine chauff\u00e9e, cr\u00e9ant un environnement d\u2019intimit\u00e9 et de confort accrus. Il dispose \u00e9galement d\u2019un garage et d\u2019un parking pour deux voitures.<\/p>\n<p>Parmi les principales caract\u00e9ristiques figurent \u00e9galement un ascenseur, la climatisation, le chauffage central, le chauffage par le sol, des panneaux solaires, des armaires, un d\u00e9barras et un terrain enti\u00e8rement cl\u00f4tur\u00e9. La propri\u00e9t\u00e9 poss\u00e8de \u00e9galement la certification \u00e9nerg\u00e9tique A.<\/p>\n<p>L\u2019emplacement \u00e0 Restelo permet de profiter de la proximit\u00e9 du fleuve Tage, des jardins, des boutiques, des restaurants, des services, des \u00e9coles et des importantes r\u00e9f\u00e9rences culturelles de Bel\u00e9m, tout en conservant la tranquillit\u00e9 et le caract\u00e8re r\u00e9sidentiel de l\u2019une des zones les plus exclusives de la capitale.<\/p>\n<p>Une r\u00e9sidence unique pour ceux qui recherchent de l\u2019espace, de l\u2019intimit\u00e9, de l\u2019architecture et du confort, dans un emplacement haut de gamme \u00e0 Lisbonne.<\/p>\n<p>Contactez-nous pour plus d\u2019informations ou pour planifier une visite priv\u00e9e de cette propri\u00e9t\u00e9.<\/p>\n","protected":false},"template":"","meta":{"_acf_changed":false,"_seopress_titles_title":"","_seopress_titles_desc":"","_seopress_robots_index":"","_seopress_robots_follow":"","_seopress_robots_imageindex":"","_seopress_robots_snippet":"","_seopress_robots_primary_cat":"","_seopress_robots_breadcrumbs":"","_seopress_robots_freeze_modified_date":"","_seopress_robots_custom_modified_date":"","_seopress_robots_canonical":"","_seopress_social_fb_title":"","_seopress_social_fb_desc":"","_seopress_social_fb_img":"","_seopress_social_fb_img_attachment_id":0,"_seopress_social_fb_img_width":0,"_seopress_social_fb_img_height":0,"_seopress_social_twitter_title":"","_seopress_social_twitter_desc":"","_seopress_social_twitter_img":"","_seopress_social_twitter_img_attachment_id":0,"_seopress_social_twitter_img_width":0,"_seopress_social_twitter_img_height":0,"_seopress_redirections_value":"","_seopress_redirections_enabled":"","_seopress_redirections_enabled_regex":"","_seopress_redirections_logged_status":"","_seopress_redirections_param":"","_seopress_redirections_type":0,"_seopress_analysis_target_kw":"","_seopress_news_disabled":"","_seopress_video_disabled":"","_seopress_video":[],"_seopress_pro_schemas_manual":[],"_seopress_pro_rich_snippets_disable_all":"","_seopress_pro_rich_snippets_disable":[],"_seopress_pro_schemas":[]},"psfc_property_type":[370],"psfc_location":[327],"psfc_operation_type":[369],"psfc_label":[],"class_list":["post-54150","psfc_property","type-psfc_property","status-publish","has-post-thumbnail","hentry","psfc_property_type-maison-fr","psfc_location-lisboa","psfc_operation_type-a-vendre-fr"],"acf":[],"_links":{"self":[{"href":"https:\/\/vrpartners.pt\/fr\/wp-json\/wp\/v2\/psfc_property\/54150","targetHints":{"allow":["GET"]}}],"collection":[{"href":"https:\/\/vrpartners.pt\/fr\/wp-json\/wp\/v2\/psfc_property"}],"about":[{"href":"https:\/\/vrpartners.pt\/fr\/wp-json\/wp\/v2\/types\/psfc_property"}],"wp:attachment":[{"href":"https:\/\/vrpartners.pt\/fr\/wp-json\/wp\/v2\/media?parent=54150"}],"wp:term":[{"taxonomy":"psfc_property_type","embeddable":true,"href":"https:\/\/vrpartners.pt\/fr\/wp-json\/wp\/v2\/psfc_property_type?post=54150"},{"taxonomy":"psfc_location","embeddable":true,"href":"https:\/\/vrpartners.pt\/fr\/wp-json\/wp\/v2\/psfc_location?post=54150"},{"taxonomy":"psfc_operation_type","embeddable":true,"href":"https:\/\/vrpartners.pt\/fr\/wp-json\/wp\/v2\/psfc_operation_type?post=54150"},{"taxonomy":"psfc_label","embeddable":true,"href":"https:\/\/vrpartners.pt\/fr\/wp-json\/wp\/v2\/psfc_label?post=54150"}],"curies":[{"name":"wp","href":"https:\/\/api.w.org\/{rel}","templated":true}]}}