{"id":54160,"date":"2026-02-25T14:21:30","date_gmt":"2026-02-25T14:21:30","guid":{"rendered":"https:\/\/vrpartners.pt\/properties\/av-antonio-augusto-de-aguiar-22-lisboa-792087\/"},"modified":"2026-09-01T18:55:05","modified_gmt":"2026-09-01T17:55:05","slug":"av-antonio-augusto-de-aguiar-22-lisboa-792087","status":"publish","type":"psfc_property","link":"https:\/\/vrpartners.pt\/fr\/properties\/av-antonio-augusto-de-aguiar-22-lisboa-792087\/","title":{"rendered":"\u00c9tage entier T6 au c\u0153ur de Lisbonne | 4 places de parking | 2 d\u00e9barras"},"content":{"rendered":"<p data-start=\"0\" data-end=\"47\"><strong data-start=\"0\" data-end=\"47\">Partenariat exclusif CAZ Homes &amp; V|R Partners<\/strong><\/p>\n<h2 data-start=\"49\" data-end=\"135\"><span class=\"hover:entity-accent entity-underline inline cursor-pointer align-baseline\"><span class=\"whitespace-normal\">Avenida Ant\u00f3nio Augusto de Aguiar<\/span><\/span> \u2013 \u00c9tage entier T6 Luxury au centre de Lisbonne<\/h2>\n<p data-start=\"179\" data-end=\"268\"><strong data-start=\"179\" data-end=\"268\">389 m\u00b2 de surface brute priv\u00e9e | \u00c9tage entier | 4 places de parking | 2 d\u00e9barras<\/strong><\/p>\n<p data-start=\"270\" data-end=\"477\">Cette propri\u00e9t\u00e9 occupe un \u00e9tage complet du b\u00e2timent. Elle r\u00e9sulte de la jonction de deux fractions et poss\u00e8de <strong data-start=\"358\" data-end=\"389\">deux entr\u00e9es ind\u00e9pendantes<\/strong>, ce qui est rare au centre de Lisbonne. Intimit\u00e9, taille et fonctionnalit\u00e9 dans un m\u00eame espace.<\/p>\n<h3 data-start=\"479\" data-end=\"495\">R\u00e9partition<\/h3>\n<p data-start=\"497\" data-end=\"512\"><strong data-start=\"497\" data-end=\"512\">Zone sociale<\/strong><\/p>\n<ul data-start=\"513\" data-end=\"711\">\n<li data-start=\"513\" data-end=\"557\">\n<p data-start=\"515\" data-end=\"557\">Grand salon avec acc\u00e8s au balcon<\/p>\n<\/li>\n<li data-start=\"558\" data-end=\"625\">\n<p data-start=\"560\" data-end=\"625\">Salle \u00e0 manger avec cave \u00e0 vin climatis\u00e9e et connexion directe \u00e0 la cuisine<\/p>\n<\/li>\n<li data-start=\"626\" data-end=\"657\">\n<p data-start=\"628\" data-end=\"657\">Cuisine enti\u00e8rement \u00e9quip\u00e9e<\/p>\n<\/li>\n<li data-start=\"658\" data-end=\"685\">\n<p data-start=\"660\" data-end=\"685\">Blanchisserie ind\u00e9pendante<\/p>\n<\/li>\n<li data-start=\"686\" data-end=\"711\">\n<p data-start=\"688\" data-end=\"711\">Deux toilettes de soutien<\/p>\n<\/li>\n<\/ul>\n<p data-start=\"713\" data-end=\"729\"><strong data-start=\"713\" data-end=\"729\">Zone priv\u00e9e<\/strong><\/p>\n<ul data-start=\"730\" data-end=\"989\">\n<li data-start=\"730\" data-end=\"840\">\n<p data-start=\"732\" data-end=\"840\">Suite parentale avec hall priv\u00e9, cabine d\u2019essayage et deux salles de bains s\u00e9par\u00e9es, dont une avec baignoire \u00e0 remous<\/p>\n<\/li>\n<li data-start=\"841\" data-end=\"869\">\n<p data-start=\"843\" data-end=\"869\">Deuxi\u00e8me suite avec cabine d\u2019essayage<\/p>\n<\/li>\n<li data-start=\"870\" data-end=\"922\">\n<p data-start=\"872\" data-end=\"922\">Deux chambres soutenues par une salle de bain compl\u00e8te<\/p>\n<\/li>\n<li data-start=\"923\" data-end=\"937\">\n<p data-start=\"925\" data-end=\"937\">Bureau<\/p>\n<\/li>\n<li data-start=\"938\" data-end=\"959\">\n<p data-start=\"940\" data-end=\"959\">Chambre d\u2019amis<\/p>\n<\/li>\n<li data-start=\"960\" data-end=\"989\">\n<p data-start=\"962\" data-end=\"989\">Au total 7 salles de bains<\/p>\n<\/li>\n<\/ul>\n<p data-start=\"991\" data-end=\"1062\">La climatisation dans toutes les pi\u00e8ces. Vendu, meubl\u00e9e et pr\u00eate \u00e0 emm\u00e9nager.<\/p>\n<hr data-start=\"1064\" data-end=\"1067\" \/>\n<h3 data-start=\"1069\" data-end=\"1081\">B\u00e2timent<\/h3>\n<p data-start=\"1083\" data-end=\"1129\">Construction de 2013, norme contemporaine, avec :<\/p>\n<ul data-start=\"1130\" data-end=\"1213\">\n<li data-start=\"1130\" data-end=\"1142\">\n<p data-start=\"1132\" data-end=\"1142\">Portier<\/p>\n<\/li>\n<li data-start=\"1143\" data-end=\"1159\">\n<p data-start=\"1145\" data-end=\"1159\">2 \u00e9l\u00e9vateurs<\/p>\n<\/li>\n<li data-start=\"1160\" data-end=\"1171\">\n<p data-start=\"1162\" data-end=\"1171\">Garage<\/p>\n<\/li>\n<li data-start=\"1172\" data-end=\"1213\">\n<p data-start=\"1174\" data-end=\"1213\">Acc\u00e8s adapt\u00e9 pour une mobilit\u00e9 r\u00e9duite<\/p>\n<\/li>\n<\/ul>\n<p data-start=\"1215\" data-end=\"1275\">Il comprend <strong data-start=\"1222\" data-end=\"1253\">4 places de parking<\/strong> et <strong data-start=\"1256\" data-end=\"1274\">2 d\u00e9barras<\/strong>.<\/p>\n<hr data-start=\"1277\" data-end=\"1280\" \/>\n<h3 data-start=\"1282\" data-end=\"1297\">Emplacement<\/h3>\n<p data-start=\"1299\" data-end=\"1525\">\u00c0 quelques minutes \u00e0 pied du <span class=\"hover:entity-accent entity-underline inline cursor-pointer align-baseline\"><span class=\"whitespace-normal\">parc Eduardo VII<\/span><\/span> et <span class=\"hover:entity-accent entity-underline inline cursor-pointer align-baseline\"><span class=\"whitespace-normal\">d\u2019El Corte Ingl\u00e9s<\/span><\/span>.<br data-start=\"1405\" data-end=\"1408\" \/>Pr\u00e8s de <span class=\"hover:entity-accent entity-underline inline cursor-pointer align-baseline\"><span class=\"whitespace-normal\">l\u2019Avenida da Liberdade<\/span><\/span>, avec m\u00e9tro, commerce haut de gamme, restaurants et une offre culturelle \u00e0 la porte.<\/p>\n<p data-start=\"1527\" data-end=\"1576\">Centre, taille et exclusivit\u00e9 \u00e0 la m\u00eame adresse.<\/p>\n<p data-start=\"1578\" data-end=\"1638\" data-is-last-node=\"\" data-is-only-node=\"\"><strong data-start=\"1578\" data-end=\"1638\" data-is-last-node=\"\">Un partenariat marketing entre CAZ Homes &amp; V|R Partners<\/strong><\/p>\n","protected":false},"template":"","meta":{"_acf_changed":false,"_seopress_titles_title":"","_seopress_titles_desc":"","_seopress_robots_index":"","_seopress_robots_follow":"","_seopress_robots_imageindex":"","_seopress_robots_snippet":"","_seopress_robots_primary_cat":"","_seopress_robots_breadcrumbs":"","_seopress_robots_freeze_modified_date":"","_seopress_robots_custom_modified_date":"","_seopress_robots_canonical":"","_seopress_social_fb_title":"","_seopress_social_fb_desc":"","_seopress_social_fb_img":"","_seopress_social_fb_img_attachment_id":0,"_seopress_social_fb_img_width":0,"_seopress_social_fb_img_height":0,"_seopress_social_twitter_title":"","_seopress_social_twitter_desc":"","_seopress_social_twitter_img":"","_seopress_social_twitter_img_attachment_id":0,"_seopress_social_twitter_img_width":0,"_seopress_social_twitter_img_height":0,"_seopress_redirections_value":"","_seopress_redirections_enabled":"","_seopress_redirections_enabled_regex":"","_seopress_redirections_logged_status":"","_seopress_redirections_param":"","_seopress_redirections_type":0,"_seopress_analysis_target_kw":"","_seopress_news_disabled":"","_seopress_video_disabled":"","_seopress_video":[],"_seopress_pro_schemas_manual":[],"_seopress_pro_rich_snippets_disable_all":"","_seopress_pro_rich_snippets_disable":[],"_seopress_pro_schemas":[]},"psfc_property_type":[372],"psfc_location":[327],"psfc_operation_type":[369],"psfc_label":[],"class_list":["post-54160","psfc_property","type-psfc_property","status-publish","has-post-thumbnail","hentry","psfc_property_type-appartement-fr","psfc_location-lisboa","psfc_operation_type-a-vendre-fr"],"acf":[],"_links":{"self":[{"href":"https:\/\/vrpartners.pt\/fr\/wp-json\/wp\/v2\/psfc_property\/54160","targetHints":{"allow":["GET"]}}],"collection":[{"href":"https:\/\/vrpartners.pt\/fr\/wp-json\/wp\/v2\/psfc_property"}],"about":[{"href":"https:\/\/vrpartners.pt\/fr\/wp-json\/wp\/v2\/types\/psfc_property"}],"wp:attachment":[{"href":"https:\/\/vrpartners.pt\/fr\/wp-json\/wp\/v2\/media?parent=54160"}],"wp:term":[{"taxonomy":"psfc_property_type","embeddable":true,"href":"https:\/\/vrpartners.pt\/fr\/wp-json\/wp\/v2\/psfc_property_type?post=54160"},{"taxonomy":"psfc_location","embeddable":true,"href":"https:\/\/vrpartners.pt\/fr\/wp-json\/wp\/v2\/psfc_location?post=54160"},{"taxonomy":"psfc_operation_type","embeddable":true,"href":"https:\/\/vrpartners.pt\/fr\/wp-json\/wp\/v2\/psfc_operation_type?post=54160"},{"taxonomy":"psfc_label","embeddable":true,"href":"https:\/\/vrpartners.pt\/fr\/wp-json\/wp\/v2\/psfc_label?post=54160"}],"curies":[{"name":"wp","href":"https:\/\/api.w.org\/{rel}","templated":true}]}}