{"id":58992,"date":"2026-07-30T01:56:57","date_gmt":"2026-07-30T00:56:57","guid":{"rendered":"https:\/\/vrpartners.pt\/properties\/nouvel-appartement-de-3-chambres-au-dernier-etage-avec-suite-placard-et-balcon-871148\/"},"modified":"2026-08-13T12:55:11","modified_gmt":"2026-08-13T11:55:11","slug":"nouvel-appartement-de-3-chambres-au-dernier-etage-avec-suite-placard-et-balcon-871148","status":"publish","type":"psfc_property","link":"https:\/\/vrpartners.pt\/fr\/properties\/nouvel-appartement-de-3-chambres-au-dernier-etage-avec-suite-placard-et-balcon-871148\/","title":{"rendered":"Nouvel appartement de 3 chambres au dernier \u00e9tage avec suite, placard et balcon"},"content":{"rendered":"<p>Nouvel appartement de 3 chambres au dernier \u00e9tage de Campolide Residences<\/p>\n<p>Nous pr\u00e9sentons cet appartement exclusif de 3 chambres situ\u00e9 au 6e et dernier \u00e9tage de Campolide Residences, un ensemble de seulement 15 appartements qui allie architecture contemporaine, finitions haut de gamme et un emplacement privil\u00e9gi\u00e9 dans l\u2019un des quartiers les plus pris\u00e9s de Lisbonne.<\/p>\n<p>Situ\u00e9e au dernier \u00e9tage du b\u00e2timent, cette fraction offre une exp\u00e9rience de vie v\u00e9ritablement distinctive, b\u00e9n\u00e9ficiant d\u2019une plus grande intimit\u00e9, d\u2019une lumi\u00e8re naturelle abondante et d\u2019une vue plus large sur la ville.<\/p>\n<p>L\u2019\u00e9l\u00e9gante zone sociale comprend un grand salon d\u2019environ 40,4 m\u00b2, parfaitement connect\u00e9 \u00e0 une cuisine enti\u00e8rement \u00e9quip\u00e9e dot\u00e9e d\u2019un \u00eelot central moderne. Le large balcon d\u2019environ 17,3 m\u00b2 \u00e9tend naturellement cet espace, cr\u00e9ant l\u2019environnement id\u00e9al pour la restauration en plein air, les loisirs ou simplement pour profiter de la tranquillit\u00e9 et des vues environnantes.<\/p>\n<p>L\u2019espace priv\u00e9 a \u00e9t\u00e9 soigneusement con\u00e7u pour offrir confort et fonctionnalit\u00e9, et se compose de :<\/p>\n<p>\u2022 Une suite \u00e9l\u00e9gante avec dressing et salle de bain attenante<\/p>\n<p>\u2022 Deux chambres de dimensions excellentes<\/p>\n<p>\u2022 Quatre toilettes (dont une toilette pour visiteurs)<\/p>\n<p>\u2022 Excellente s\u00e9paration entre l\u2019espace social et l\u2019espace de repos, garantissant une plus grande intimit\u00e9 dans la vie quotidienne<\/p>\n<p>Les int\u00e9rieurs refl\u00e8tent le niveau \u00e9lev\u00e9 de qualit\u00e9 du lotissement, mettant en valeur les parquets en bois massif, les salles de bains recouvertes de pierre naturelle, les grandes ouvertures vitr\u00e9es et un choix soign\u00e9 de mat\u00e9riaux qui apportent sophistication et intemporalit\u00e9.<\/p>\n<p>L\u2019appartement comprend \u00e9galement :<\/p>\n<p>\u2022 Cuisine enti\u00e8rement \u00e9quip\u00e9e avec \u00eelot central<\/p>\n<p>\u2022 Salon d\u2019environ 40,4 m\u00b2<\/p>\n<p>\u2022 Suite avec cabine d\u2019essayage<\/p>\n<p>\u2022 Deux chambres<\/p>\n<p>\u2022 Quatre toilettes<\/p>\n<p>\u2022 Balcon d\u2019environ 17,3 m\u00b2<\/p>\n<p>\u2022 Climatisation<\/p>\n<p>\u2022 Syst\u00e8me solaire thermique avec pompe \u00e0 chaleur<\/p>\n<p>\u2022 Double vitrage avec de hautes performances thermiques et acoustiques<\/p>\n<p>\u2022 Aspirateur central<\/p>\n<p>\u2022 Interphone vid\u00e9o<\/p>\n<p>\u2022 Salle de stockage priv\u00e9e<\/p>\n<p>\u2022 Entre deux et quatre places de parking (selon la fraction)<\/p>\n<p>\u2022 Parking pour v\u00e9los<\/p>\n<p>Situ\u00e9e \u00e0 Campolide, elle se trouve \u00e0 quelques minutes du parc forestier de Monsanto, d\u2019Amoreiras, du Lyc\u00e9e fran\u00e7ais, d\u2019El Corte Ingl\u00e9s et du centre financier de Lisbonne, b\u00e9n\u00e9ficiant \u00e9galement d\u2019un excellent acc\u00e8s \u00e0 l\u2019A5, \u00e0 l\u2019axe Nord-Sud et \u00e0 la Segunda Circular.<\/p>\n<p>L\u2019ach\u00e8vement des travaux est pr\u00e9vu pour le troisi\u00e8me trimestre 2027, constituant une opportunit\u00e9 unique d\u2019acqu\u00e9rir un nouvel appartement au dernier \u00e9tage d\u2019un lotissement exclusif, dans l\u2019une des zones ayant le plus grand potentiel d\u2019appr\u00e9ciation dans la capitale.<\/p>\n<p>Si vous cherchez une maison o\u00f9 le design contemporain, la qualit\u00e9 de construction, la luminosit\u00e9 et l\u2019exclusivit\u00e9 d\u2019un toit se combinent pour offrir un style de vie distinctif, c\u2019est une opportunit\u00e9 rare sur le march\u00e9.<\/p>\n<p>Contactez-nous pour en savoir plus sur cette fraction, consulter les plans, les prix et toutes les conditions d\u2019achat.<\/p>\n","protected":false},"template":"","meta":{"_acf_changed":false,"_seopress_titles_title":"","_seopress_titles_desc":"","_seopress_robots_index":"","_seopress_robots_follow":"","_seopress_robots_imageindex":"","_seopress_robots_snippet":"","_seopress_robots_primary_cat":"","_seopress_robots_breadcrumbs":"","_seopress_robots_freeze_modified_date":"","_seopress_robots_custom_modified_date":"","_seopress_robots_canonical":"","_seopress_social_fb_title":"","_seopress_social_fb_desc":"","_seopress_social_fb_img":"","_seopress_social_fb_img_attachment_id":0,"_seopress_social_fb_img_width":0,"_seopress_social_fb_img_height":0,"_seopress_social_twitter_title":"","_seopress_social_twitter_desc":"","_seopress_social_twitter_img":"","_seopress_social_twitter_img_attachment_id":0,"_seopress_social_twitter_img_width":0,"_seopress_social_twitter_img_height":0,"_seopress_redirections_value":"","_seopress_redirections_enabled":"","_seopress_redirections_enabled_regex":"","_seopress_redirections_logged_status":"","_seopress_redirections_param":"","_seopress_redirections_type":0,"_seopress_analysis_target_kw":"","_seopress_news_disabled":"","_seopress_video_disabled":"","_seopress_video":[],"_seopress_pro_schemas_manual":[],"_seopress_pro_rich_snippets_disable_all":"","_seopress_pro_rich_snippets_disable":[],"_seopress_pro_schemas":[]},"psfc_property_type":[372],"psfc_location":[327],"psfc_operation_type":[369],"psfc_label":[],"class_list":["post-58992","psfc_property","type-psfc_property","status-publish","has-post-thumbnail","hentry","psfc_property_type-appartement-fr","psfc_location-lisboa","psfc_operation_type-a-vendre-fr"],"acf":[],"_links":{"self":[{"href":"https:\/\/vrpartners.pt\/fr\/wp-json\/wp\/v2\/psfc_property\/58992","targetHints":{"allow":["GET"]}}],"collection":[{"href":"https:\/\/vrpartners.pt\/fr\/wp-json\/wp\/v2\/psfc_property"}],"about":[{"href":"https:\/\/vrpartners.pt\/fr\/wp-json\/wp\/v2\/types\/psfc_property"}],"wp:attachment":[{"href":"https:\/\/vrpartners.pt\/fr\/wp-json\/wp\/v2\/media?parent=58992"}],"wp:term":[{"taxonomy":"psfc_property_type","embeddable":true,"href":"https:\/\/vrpartners.pt\/fr\/wp-json\/wp\/v2\/psfc_property_type?post=58992"},{"taxonomy":"psfc_location","embeddable":true,"href":"https:\/\/vrpartners.pt\/fr\/wp-json\/wp\/v2\/psfc_location?post=58992"},{"taxonomy":"psfc_operation_type","embeddable":true,"href":"https:\/\/vrpartners.pt\/fr\/wp-json\/wp\/v2\/psfc_operation_type?post=58992"},{"taxonomy":"psfc_label","embeddable":true,"href":"https:\/\/vrpartners.pt\/fr\/wp-json\/wp\/v2\/psfc_label?post=58992"}],"curies":[{"name":"wp","href":"https:\/\/api.w.org\/{rel}","templated":true}]}}