{"id":63833,"date":"2026-08-08T17:04:51","date_gmt":"2026-08-08T16:04:51","guid":{"rendered":"https:\/\/vrpartners.pt\/properties\/t1-aura-santa-marta-30-61-m%c2%b2-a-cote-de-liberdade-879378\/"},"modified":"2026-09-02T01:55:10","modified_gmt":"2026-09-02T00:55:10","slug":"t1-aura-santa-marta-30-61-m%c2%b2-a-cote-de-liberdade-879378","status":"publish","type":"psfc_property","link":"https:\/\/vrpartners.pt\/fr\/properties\/t1-aura-santa-marta-30-61-m%c2%b2-a-cote-de-liberdade-879378\/","title":{"rendered":"T1 AURA Santa Marta 30 | 61 m\u00b2 \u00e0 c\u00f4t\u00e9 de Liberdade"},"content":{"rendered":"<p>T1 \u00e0 l\u2019AURA Santa Marta 30, un lotissement r\u00e9sidentiel exclusif au c\u0153ur de Lisbonne, \u00e0 quelques m\u00e8tres de l\u2019Avenida da Liberdade.<\/p>\n<p>Situ\u00e9 sur la Rua de Santa Marta, cet appartement fait partie du Bloc B d\u2019AURA Santa Marta 30, un projet qui combine architecture contemporaine, nature et confort dans l\u2019un des quartiers les plus centraux et prestigieux de la capitale.<\/p>\n<p>Avec 61 m\u00b2 d\u2019espace priv\u00e9, cette unit\u00e9 b\u00e9n\u00e9ficie d\u2019une distribution fonctionnelle et contemporaine, constituant une excellente option tant pour le logement propre que pour l\u2019investissement.<\/p>\n<p>L\u2019appartement b\u00e9n\u00e9ficie des normes de qualit\u00e9 et de confort d\u00e9finies pour le lotissement, incluant un parquet en ch\u00eane verni, la climatisation, une cuisine \u00e9quip\u00e9e d\u2019appareils \u00e9lectrom\u00e9nagers Bosch, un plan de travail RMC Hawaii et des robinets OFA Slim noirs.<\/p>\n<p>AURA Santa Marta 30 se compose de deux blocs r\u00e9sidentiels, le Bloc A et le Bloc B, chacun de 5 \u00e9tages, organis\u00e9s autour d\u2019une cour centrale de jardin.<\/p>\n<p>Au c\u0153ur du lotissement se trouve un patio de jardin de 180 m\u00b2, compl\u00e9t\u00e9 par une piscine commune, une salle de sport, une salle commune et un parking, cr\u00e9ant un v\u00e9ritable refuge urbain au centre de Lisbonne.<\/p>\n<p>L\u2019emplacement est l\u2019un des grands points forts. L\u2019Avenida da Liberdade est \u00e0 seulement quelques minutes, tandis que l\u2019Avenida da Liberdade est \u00e0 environ 5 minutes \u00e0 pied, le Marqu\u00eas de Pombal \u00e0 9 minutes, le Rossio \u00e0 13 minutes et la Baixa \u00e0 18 minutes. L\u2019a\u00e9roport de Lisbonne se trouve \u00e0 environ 35 minutes.<\/p>\n<p>Ach\u00e8vement pr\u00e9vu pour 2026.<\/p>\n<p>Une opportunit\u00e9 d\u2019acqu\u00e9rir un T1 contemporain de 61 m\u00b2 dans un emplacement privil\u00e9gi\u00e9 \u00e0 Lisbonne, int\u00e9gr\u00e9 dans un d\u00e9veloppement exclusif et con\u00e7u pour offrir confort, intimit\u00e9 et qualit\u00e9 de vie.<\/p>\n<p>Contactez-nous pour obtenir plus d\u2019informations sur cette unit\u00e9 et planifier une visite priv\u00e9e d\u2019AURA Santa Marta 30.<\/p>\n","protected":false},"template":"","meta":{"_acf_changed":false,"_seopress_titles_title":"","_seopress_titles_desc":"","_seopress_robots_index":"","_seopress_robots_follow":"","_seopress_robots_imageindex":"","_seopress_robots_snippet":"","_seopress_robots_primary_cat":"","_seopress_robots_breadcrumbs":"","_seopress_robots_freeze_modified_date":"","_seopress_robots_custom_modified_date":"","_seopress_robots_canonical":"","_seopress_social_fb_title":"","_seopress_social_fb_desc":"","_seopress_social_fb_img":"","_seopress_social_fb_img_attachment_id":0,"_seopress_social_fb_img_width":0,"_seopress_social_fb_img_height":0,"_seopress_social_twitter_title":"","_seopress_social_twitter_desc":"","_seopress_social_twitter_img":"","_seopress_social_twitter_img_attachment_id":0,"_seopress_social_twitter_img_width":0,"_seopress_social_twitter_img_height":0,"_seopress_redirections_value":"","_seopress_redirections_enabled":"","_seopress_redirections_enabled_regex":"","_seopress_redirections_logged_status":"","_seopress_redirections_param":"","_seopress_redirections_type":0,"_seopress_analysis_target_kw":"","_seopress_news_disabled":"","_seopress_video_disabled":"","_seopress_video":[],"_seopress_pro_schemas_manual":[],"_seopress_pro_rich_snippets_disable_all":"","_seopress_pro_rich_snippets_disable":[],"_seopress_pro_schemas":[]},"psfc_property_type":[372],"psfc_location":[327],"psfc_operation_type":[369],"psfc_label":[],"class_list":["post-63833","psfc_property","type-psfc_property","status-publish","has-post-thumbnail","hentry","psfc_property_type-appartement-fr","psfc_location-lisboa","psfc_operation_type-a-vendre-fr"],"acf":[],"_links":{"self":[{"href":"https:\/\/vrpartners.pt\/fr\/wp-json\/wp\/v2\/psfc_property\/63833","targetHints":{"allow":["GET"]}}],"collection":[{"href":"https:\/\/vrpartners.pt\/fr\/wp-json\/wp\/v2\/psfc_property"}],"about":[{"href":"https:\/\/vrpartners.pt\/fr\/wp-json\/wp\/v2\/types\/psfc_property"}],"wp:attachment":[{"href":"https:\/\/vrpartners.pt\/fr\/wp-json\/wp\/v2\/media?parent=63833"}],"wp:term":[{"taxonomy":"psfc_property_type","embeddable":true,"href":"https:\/\/vrpartners.pt\/fr\/wp-json\/wp\/v2\/psfc_property_type?post=63833"},{"taxonomy":"psfc_location","embeddable":true,"href":"https:\/\/vrpartners.pt\/fr\/wp-json\/wp\/v2\/psfc_location?post=63833"},{"taxonomy":"psfc_operation_type","embeddable":true,"href":"https:\/\/vrpartners.pt\/fr\/wp-json\/wp\/v2\/psfc_operation_type?post=63833"},{"taxonomy":"psfc_label","embeddable":true,"href":"https:\/\/vrpartners.pt\/fr\/wp-json\/wp\/v2\/psfc_label?post=63833"}],"curies":[{"name":"wp","href":"https:\/\/api.w.org\/{rel}","templated":true}]}}