{"id":64038,"date":"2026-08-10T21:22:16","date_gmt":"2026-08-10T20:22:16","guid":{"rendered":"https:\/\/vrpartners.pt\/properties\/t3-duplex-aura-santa-marta-30-128-m%c2%b2-879544\/"},"modified":"2026-09-02T01:55:11","modified_gmt":"2026-09-02T00:55:11","slug":"t3-duplex-aura-santa-marta-30-128-m%c2%b2-879544","status":"publish","type":"psfc_property","link":"https:\/\/vrpartners.pt\/fr\/properties\/t3-duplex-aura-santa-marta-30-128-m%c2%b2-879544\/","title":{"rendered":"T3 Duplex AURA Santa Marta 30 | 128 m\u00b2"},"content":{"rendered":"<p>T3 Duplex \u00e0 AURA Santa Marta 30, un lotissement r\u00e9sidentiel exclusif au c\u0153ur de Lisbonne, \u00e0 quelques m\u00e8tres de l\u2019Avenida da Liberdade.<\/p>\n<p>Situ\u00e9 sur la Rua de Santa Marta, cet appartement fait partie du Bloc B d\u2019AURA Santa Marta 30, un projet qui combine architecture contemporaine, nature et confort dans l\u2019un des quartiers les plus centraux et prestigieux de la capitale.<\/p>\n<p>R\u00e9parti sur deux \u00e9tages, ce duplex T3 offre 106 m\u00b2 d\u2019espace int\u00e9rieur et 22 m\u00b2 d\u2019espace ext\u00e9rieur, soit un total de 128 m\u00b2 d\u2019espace priv\u00e9. La fraction comprend \u00e9galement 2 places de parking, un atout important dans un emplacement aussi central.<\/p>\n<p>La configuration duplex permet une s\u00e9paration naturelle entre les diff\u00e9rentes zones de la maison, offrant une exp\u00e9rience r\u00e9sidentielle confortable et contemporaine. L\u2019unit\u00e9 b\u00e9n\u00e9ficie \u00e9galement d\u2019un espace ext\u00e9rieur priv\u00e9, ajoutant une dimension d\u2019intimit\u00e9 et de connexion \u00e0 l\u2019ext\u00e9rieur.<\/p>\n<p>L\u2019appartement int\u00e8gre les standards de qualit\u00e9 et de confort d\u00e9finis pour l\u2019AURA Santa Marta 30, incluant un parquet en ch\u00eane verni, la climatisation, une cuisine \u00e9quip\u00e9e d\u2019appareils \u00e9lectrom\u00e9nagers Bosch, un plan de travail RMC Hawaii et des robinets OFA Slim noirs.<\/p>\n<p>AURA Santa Marta 30 se compose de deux blocs r\u00e9sidentiels, le Bloc A et le Bloc B, chacun de 5 \u00e9tages, organis\u00e9s autour d\u2019une cour centrale de jardin.<\/p>\n<p>Au c\u0153ur du lotissement se trouve un patio de jardin de 180 m\u00b2, compl\u00e9t\u00e9 par une piscine commune, une salle de sport, une salle commune et un parking, cr\u00e9ant un v\u00e9ritable refuge urbain au centre de Lisbonne.<\/p>\n<p>L\u2019emplacement est l\u2019un des grands points forts. L\u2019Avenida da Liberdade est \u00e0 seulement quelques minutes, tandis que l\u2019Avenida da Liberdade est \u00e0 environ 5 minutes \u00e0 pied, le Marqu\u00eas de Pombal \u00e0 9 minutes, le Rossio \u00e0 13 minutes et la Baixa \u00e0 18 minutes. L\u2019a\u00e9roport de Lisbonne se trouve \u00e0 environ 35 minutes.<\/p>\n<p>Ach\u00e8vement pr\u00e9vu pour 2026.<\/p>\n<p>Une opportunit\u00e9 d\u2019acqu\u00e9rir un duplex T3 de 128 m\u00b2, avec un espace ext\u00e9rieur priv\u00e9 et 2 places de parking, int\u00e9gr\u00e9 dans un d\u00e9veloppement exclusif situ\u00e9 dans l\u2019un des sites les plus pris\u00e9s de Lisbonne.<\/p>\n<p>Contactez-nous pour obtenir plus d\u2019informations sur cette unit\u00e9 et planifier une visite priv\u00e9e d\u2019AURA Santa Marta 30.<\/p>\n","protected":false},"template":"","meta":{"_acf_changed":false,"_seopress_titles_title":"","_seopress_titles_desc":"","_seopress_robots_index":"","_seopress_robots_follow":"","_seopress_robots_imageindex":"","_seopress_robots_snippet":"","_seopress_robots_primary_cat":"","_seopress_robots_breadcrumbs":"","_seopress_robots_freeze_modified_date":"","_seopress_robots_custom_modified_date":"","_seopress_robots_canonical":"","_seopress_social_fb_title":"","_seopress_social_fb_desc":"","_seopress_social_fb_img":"","_seopress_social_fb_img_attachment_id":0,"_seopress_social_fb_img_width":0,"_seopress_social_fb_img_height":0,"_seopress_social_twitter_title":"","_seopress_social_twitter_desc":"","_seopress_social_twitter_img":"","_seopress_social_twitter_img_attachment_id":0,"_seopress_social_twitter_img_width":0,"_seopress_social_twitter_img_height":0,"_seopress_redirections_value":"","_seopress_redirections_enabled":"","_seopress_redirections_enabled_regex":"","_seopress_redirections_logged_status":"","_seopress_redirections_param":"","_seopress_redirections_type":0,"_seopress_analysis_target_kw":"","_seopress_news_disabled":"","_seopress_video_disabled":"","_seopress_video":[],"_seopress_pro_schemas_manual":[],"_seopress_pro_rich_snippets_disable_all":"","_seopress_pro_rich_snippets_disable":[],"_seopress_pro_schemas":[]},"psfc_property_type":[375],"psfc_location":[327],"psfc_operation_type":[369],"psfc_label":[],"class_list":["post-64038","psfc_property","type-psfc_property","status-publish","has-post-thumbnail","hentry","psfc_property_type-duples-appartement-fr","psfc_location-lisboa","psfc_operation_type-a-vendre-fr"],"acf":[],"_links":{"self":[{"href":"https:\/\/vrpartners.pt\/fr\/wp-json\/wp\/v2\/psfc_property\/64038","targetHints":{"allow":["GET"]}}],"collection":[{"href":"https:\/\/vrpartners.pt\/fr\/wp-json\/wp\/v2\/psfc_property"}],"about":[{"href":"https:\/\/vrpartners.pt\/fr\/wp-json\/wp\/v2\/types\/psfc_property"}],"wp:attachment":[{"href":"https:\/\/vrpartners.pt\/fr\/wp-json\/wp\/v2\/media?parent=64038"}],"wp:term":[{"taxonomy":"psfc_property_type","embeddable":true,"href":"https:\/\/vrpartners.pt\/fr\/wp-json\/wp\/v2\/psfc_property_type?post=64038"},{"taxonomy":"psfc_location","embeddable":true,"href":"https:\/\/vrpartners.pt\/fr\/wp-json\/wp\/v2\/psfc_location?post=64038"},{"taxonomy":"psfc_operation_type","embeddable":true,"href":"https:\/\/vrpartners.pt\/fr\/wp-json\/wp\/v2\/psfc_operation_type?post=64038"},{"taxonomy":"psfc_label","embeddable":true,"href":"https:\/\/vrpartners.pt\/fr\/wp-json\/wp\/v2\/psfc_label?post=64038"}],"curies":[{"name":"wp","href":"https:\/\/api.w.org\/{rel}","templated":true}]}}