{"id":64056,"date":"2026-08-11T00:41:52","date_gmt":"2026-08-10T23:41:52","guid":{"rendered":"https:\/\/vrpartners.pt\/properties\/t3-exclusive-duplex-avec-185-m%c2%b2-a-beato-879731\/"},"modified":"2026-08-11T02:55:12","modified_gmt":"2026-08-11T01:55:12","slug":"t3-exclusive-duplex-avec-185-m%c2%b2-a-beato-879731","status":"publish","type":"psfc_property","link":"https:\/\/vrpartners.pt\/fr\/properties\/t3-exclusive-duplex-avec-185-m%c2%b2-a-beato-879731\/","title":{"rendered":"T3 Exclusive Duplex avec 185 m\u00b2 \u00e0 Beato"},"content":{"rendered":"<p>D\u00e9couvrez ce duplex exclusif T3 \u00e0 BeAt Lisbonne, une r\u00e9sidence unique r\u00e9partie sur deux \u00e9tages, avec une superficie totale de 185 m\u00b2, dont 153 m\u00b2 de surface brute priv\u00e9e et 32 m\u00b2 d\u2019espace ext\u00e9rieur.<\/p>\n<p>L\u2019entr\u00e9e de la r\u00e9sidence m\u00e8ne \u00e0 un grand espace social de 55 m\u00b2, compos\u00e9 d\u2019un salon et d\u2019une cuisine en espace ouvert, avec acc\u00e8s \u00e0 un balcon de 8 m\u00b2.<\/p>\n<p>\u00c0 l\u2019\u00e9tage sup\u00e9rieur, il y a deux suites et une troisi\u00e8me chambre, accompagn\u00e9es de deux salles de bains et d\u2019un balcon extraordinaire de 24 m\u00b2, offrant une relation privil\u00e9gi\u00e9e entre les espaces int\u00e9rieur et ext\u00e9rieur.<\/p>\n<p>Int\u00e9gr\u00e9e dans un projet exclusif de seulement 7 r\u00e9sidences, BeAt Lisbonne r\u00e9sulte de la r\u00e9habilitation d\u2019un b\u00e2timent historique au c\u0153ur de Beato, alliant architecture de caract\u00e8re et solutions contemporaines.<\/p>\n<p>L\u2019emplacement est \u00e9galement l\u2019un des grands points forts, avec le Beato Creative HUB \u00e0 seulement 100 m\u00e8tres, dans une zone de Lisbonne marqu\u00e9e par une forte transformation urbaine et une demande r\u00e9sidentielle et d\u2019investissement croissante.<\/p>\n<p>La fraction b\u00e9n\u00e9ficie \u00e9galement d\u2019une licence transf\u00e9rable Local Lodging (AL), offrant une flexibilit\u00e9 pour son usage personnel ou son investissement, et est \u00e9ligible au financement via un cr\u00e9dit hypoth\u00e9caire.<\/p>\n<p>Une r\u00e9sidence diff\u00e9renci\u00e9e, avec des espaces g\u00e9n\u00e9reux et des espaces ext\u00e9rieurs priv\u00e9s, situ\u00e9e dans l\u2019un des quartiers les plus prometteurs de Lisbonne.<\/p>\n<p>Contactez-nous pour plus d\u2019informations, pour consulter les plans et conditions ou pour planifier une visite.<\/p>\n","protected":false},"template":"","meta":{"_acf_changed":false,"_seopress_titles_title":"","_seopress_titles_desc":"","_seopress_robots_index":"","_seopress_robots_follow":"","_seopress_robots_imageindex":"","_seopress_robots_snippet":"","_seopress_robots_primary_cat":"","_seopress_robots_breadcrumbs":"","_seopress_robots_freeze_modified_date":"","_seopress_robots_custom_modified_date":"","_seopress_robots_canonical":"","_seopress_social_fb_title":"","_seopress_social_fb_desc":"","_seopress_social_fb_img":"","_seopress_social_fb_img_attachment_id":0,"_seopress_social_fb_img_width":0,"_seopress_social_fb_img_height":0,"_seopress_social_twitter_title":"","_seopress_social_twitter_desc":"","_seopress_social_twitter_img":"","_seopress_social_twitter_img_attachment_id":0,"_seopress_social_twitter_img_width":0,"_seopress_social_twitter_img_height":0,"_seopress_redirections_value":"","_seopress_redirections_enabled":"","_seopress_redirections_enabled_regex":"","_seopress_redirections_logged_status":"","_seopress_redirections_param":"","_seopress_redirections_type":0,"_seopress_analysis_target_kw":"","_seopress_news_disabled":"","_seopress_video_disabled":"","_seopress_video":[],"_seopress_pro_schemas_manual":[],"_seopress_pro_rich_snippets_disable_all":"","_seopress_pro_rich_snippets_disable":[],"_seopress_pro_schemas":[]},"psfc_property_type":[375],"psfc_location":[327],"psfc_operation_type":[369],"psfc_label":[],"class_list":["post-64056","psfc_property","type-psfc_property","status-publish","has-post-thumbnail","hentry","psfc_property_type-duples-appartement-fr","psfc_location-lisboa","psfc_operation_type-a-vendre-fr"],"acf":[],"_links":{"self":[{"href":"https:\/\/vrpartners.pt\/fr\/wp-json\/wp\/v2\/psfc_property\/64056","targetHints":{"allow":["GET"]}}],"collection":[{"href":"https:\/\/vrpartners.pt\/fr\/wp-json\/wp\/v2\/psfc_property"}],"about":[{"href":"https:\/\/vrpartners.pt\/fr\/wp-json\/wp\/v2\/types\/psfc_property"}],"wp:attachment":[{"href":"https:\/\/vrpartners.pt\/fr\/wp-json\/wp\/v2\/media?parent=64056"}],"wp:term":[{"taxonomy":"psfc_property_type","embeddable":true,"href":"https:\/\/vrpartners.pt\/fr\/wp-json\/wp\/v2\/psfc_property_type?post=64056"},{"taxonomy":"psfc_location","embeddable":true,"href":"https:\/\/vrpartners.pt\/fr\/wp-json\/wp\/v2\/psfc_location?post=64056"},{"taxonomy":"psfc_operation_type","embeddable":true,"href":"https:\/\/vrpartners.pt\/fr\/wp-json\/wp\/v2\/psfc_operation_type?post=64056"},{"taxonomy":"psfc_label","embeddable":true,"href":"https:\/\/vrpartners.pt\/fr\/wp-json\/wp\/v2\/psfc_label?post=64056"}],"curies":[{"name":"wp","href":"https:\/\/api.w.org\/{rel}","templated":true}]}}