{"id":64057,"date":"2026-08-11T01:07:50","date_gmt":"2026-08-11T00:07:50","guid":{"rendered":"https:\/\/vrpartners.pt\/properties\/t3-duplex-de-169-m%c2%b2-et-balcons-prives-a-beato-879738\/"},"modified":"2026-08-11T02:55:12","modified_gmt":"2026-08-11T01:55:12","slug":"t3-duplex-de-169-m%c2%b2-et-balcons-prives-a-beato-879738","status":"publish","type":"psfc_property","link":"https:\/\/vrpartners.pt\/fr\/properties\/t3-duplex-de-169-m%c2%b2-et-balcons-prives-a-beato-879738\/","title":{"rendered":"T3 Duplex de 169 m\u00b2 et balcons priv\u00e9s \u00e0 Beato"},"content":{"rendered":"<p>D\u00e9couvrez ce duplex exclusif T3 \u00e0 BeAt Lisbonne, une r\u00e9sidence r\u00e9partie sur deux \u00e9tages, avec 169 m\u00b2 de surface totale, dont 156 m\u00b2 de surface brute priv\u00e9e et 13 m\u00b2 d\u2019espace ext\u00e9rieur.<\/p>\n<p>Au premier \u00e9tage se trouve un grand espace social de 55 m\u00b2, compos\u00e9 d\u2019un salon et d\u2019une cuisine, compl\u00e9t\u00e9s par des espaces de circulation et un acc\u00e8s \u00e0 l\u2019ext\u00e9rieur.<\/p>\n<p>L\u2019\u00e9tage sup\u00e9rieur est d\u00e9di\u00e9 \u00e0 l\u2019espace priv\u00e9, avec une suite de 16 m\u00b2, deux chambres de 15 m\u00b2 et 10 m\u00b2, deux salles de bain et deux balcons priv\u00e9s de 6 m\u00b2 et 7 m\u00b2.<\/p>\n<p>Int\u00e9gr\u00e9 \u00e0 l\u2019exclusivit\u00e9 BeAt Lisbonne, compos\u00e9e de seulement 7 r\u00e9sidences, cet appartement allie une architecture historique \u00e0 une approche contemporaine, offrant une exp\u00e9rience r\u00e9sidentielle diff\u00e9renci\u00e9e au c\u0153ur de Beato.<\/p>\n<p>L\u2019emplacement est l\u2019un des grands points forts, avec le Beato Creative HUB \u00e0 seulement 100 m\u00e8tres, dans une zone de Lisbonne en forte transformation et am\u00e9lioration.<\/p>\n<p>La fraction b\u00e9n\u00e9ficie \u00e9galement d\u2019une licence d\u2019h\u00e9bergement local transf\u00e9rable (AL) et est \u00e9ligible au financement via un cr\u00e9dit hypoth\u00e9caire, ce qui en fait une solution int\u00e9ressante tant pour le logement propre que pour l\u2019investissement.<\/p>\n<p>Une occasion rare d\u2019acqu\u00e9rir une grande r\u00e9sidence, avec deux balcons priv\u00e9s, dans l\u2019un des projets boutiques les plus exclusifs de Beato.<\/p>\n<p>Contactez-nous pour plus d\u2019informations, pour consulter les plans et conditions ou pour planifier une visite.<\/p>\n","protected":false},"template":"","meta":{"_acf_changed":false,"_seopress_titles_title":"","_seopress_titles_desc":"","_seopress_robots_index":"","_seopress_robots_follow":"","_seopress_robots_imageindex":"","_seopress_robots_snippet":"","_seopress_robots_primary_cat":"","_seopress_robots_breadcrumbs":"","_seopress_robots_freeze_modified_date":"","_seopress_robots_custom_modified_date":"","_seopress_robots_canonical":"","_seopress_social_fb_title":"","_seopress_social_fb_desc":"","_seopress_social_fb_img":"","_seopress_social_fb_img_attachment_id":0,"_seopress_social_fb_img_width":0,"_seopress_social_fb_img_height":0,"_seopress_social_twitter_title":"","_seopress_social_twitter_desc":"","_seopress_social_twitter_img":"","_seopress_social_twitter_img_attachment_id":0,"_seopress_social_twitter_img_width":0,"_seopress_social_twitter_img_height":0,"_seopress_redirections_value":"","_seopress_redirections_enabled":"","_seopress_redirections_enabled_regex":"","_seopress_redirections_logged_status":"","_seopress_redirections_param":"","_seopress_redirections_type":0,"_seopress_analysis_target_kw":"","_seopress_news_disabled":"","_seopress_video_disabled":"","_seopress_video":[],"_seopress_pro_schemas_manual":[],"_seopress_pro_rich_snippets_disable_all":"","_seopress_pro_rich_snippets_disable":[],"_seopress_pro_schemas":[]},"psfc_property_type":[375],"psfc_location":[327],"psfc_operation_type":[369],"psfc_label":[],"class_list":["post-64057","psfc_property","type-psfc_property","status-publish","has-post-thumbnail","hentry","psfc_property_type-duples-appartement-fr","psfc_location-lisboa","psfc_operation_type-a-vendre-fr"],"acf":[],"_links":{"self":[{"href":"https:\/\/vrpartners.pt\/fr\/wp-json\/wp\/v2\/psfc_property\/64057","targetHints":{"allow":["GET"]}}],"collection":[{"href":"https:\/\/vrpartners.pt\/fr\/wp-json\/wp\/v2\/psfc_property"}],"about":[{"href":"https:\/\/vrpartners.pt\/fr\/wp-json\/wp\/v2\/types\/psfc_property"}],"wp:attachment":[{"href":"https:\/\/vrpartners.pt\/fr\/wp-json\/wp\/v2\/media?parent=64057"}],"wp:term":[{"taxonomy":"psfc_property_type","embeddable":true,"href":"https:\/\/vrpartners.pt\/fr\/wp-json\/wp\/v2\/psfc_property_type?post=64057"},{"taxonomy":"psfc_location","embeddable":true,"href":"https:\/\/vrpartners.pt\/fr\/wp-json\/wp\/v2\/psfc_location?post=64057"},{"taxonomy":"psfc_operation_type","embeddable":true,"href":"https:\/\/vrpartners.pt\/fr\/wp-json\/wp\/v2\/psfc_operation_type?post=64057"},{"taxonomy":"psfc_label","embeddable":true,"href":"https:\/\/vrpartners.pt\/fr\/wp-json\/wp\/v2\/psfc_label?post=64057"}],"curies":[{"name":"wp","href":"https:\/\/api.w.org\/{rel}","templated":true}]}}