{"id":64066,"date":"2026-08-11T02:08:41","date_gmt":"2026-08-11T01:08:41","guid":{"rendered":"https:\/\/vrpartners.pt\/properties\/t1-duplex-de-155-m%c2%b2-et-deux-jardins-a-beato-879911\/"},"modified":"2026-08-11T02:08:41","modified_gmt":"2026-08-11T01:08:41","slug":"t1-duplex-de-155-m%c2%b2-et-deux-jardins-a-beato-879911","status":"publish","type":"psfc_property","link":"https:\/\/vrpartners.pt\/fr\/properties\/t1-duplex-de-155-m%c2%b2-et-deux-jardins-a-beato-879911\/","title":{"rendered":"T1 Duplex de 155 m\u00b2 et Deux Jardins \u00e0 Beato"},"content":{"rendered":"<p>D\u00e9couvrez ce duplex exclusif T1 chez BeAt Lisbon, une r\u00e9sidence d\u2019une superficie totale de 155 m\u00b2, comprenant 116 m\u00b2 de surface brute priv\u00e9e et 39 m\u00b2 d\u2019espace ext\u00e9rieur.<\/p>\n<p>R\u00e9parti sur deux niveaux, l\u2019appartement dispose \u00e0 l\u2019\u00e9tage sup\u00e9rieur d\u2019un grand salon et d\u2019une cuisine de 35 m\u00b2, d\u2019un placard, d\u2019une salle de bain et d\u2019un jardin priv\u00e9 de 31 m\u00b2.<\/p>\n<p>Au rez-de-chauss\u00e9e se trouve un second espace de vie de 33 m\u00b2, une salle de bain de 6 m\u00b2 et un acc\u00e8s \u00e0 un second jardin priv\u00e9 de 11 m\u00b2.<\/p>\n<p>La configuration de cette r\u00e9sidence offre une exp\u00e9rience peu conventionnelle, avec de vastes espaces int\u00e9rieurs et une relation extraordinaire avec les espaces ext\u00e9rieurs, permettant diff\u00e9rentes possibilit\u00e9s d\u2019utilisation et d\u2019organisation.<\/p>\n<p>Int\u00e9gr\u00e9 dans l\u2019exclusivit\u00e9 BeAt Lisbonne, compos\u00e9e de seulement 7 r\u00e9sidences, l\u2019appartement allie le caract\u00e8re d\u2019un b\u00e2timent historique r\u00e9habilit\u00e9 \u00e0 une approche contemporaine, dans l\u2019un des quartiers de Lisbonne les plus transform\u00e9s.<\/p>\n<p>\u00c0 seulement 100 m\u00e8tres du Beato Creative HUB, il b\u00e9n\u00e9ficie d\u2019un emplacement strat\u00e9gique pour le logement ou l\u2019investissement.<\/p>\n<p>La fraction dispose \u00e9galement d\u2019une licence locale transf\u00e9rable (AL) et est \u00e9ligible au financement via un cr\u00e9dit hypoth\u00e9caire.<\/p>\n<p>Une r\u00e9sidence v\u00e9ritablement diff\u00e9renci\u00e9e, avec 155 m\u00b2 et 39 m\u00b2 d\u2019espaces ext\u00e9rieurs priv\u00e9s, dans un emplacement de plus en plus appr\u00e9ci\u00e9 \u00e0 Lisbonne.<\/p>\n<p>Contactez-nous pour plus d\u2019informations, pour consulter les plans et conditions ou pour planifier une visite.<\/p>\n","protected":false},"template":"","meta":{"_acf_changed":false,"_seopress_titles_title":"","_seopress_titles_desc":"","_seopress_robots_index":"","_seopress_robots_follow":"","_seopress_robots_imageindex":"","_seopress_robots_snippet":"","_seopress_robots_primary_cat":"","_seopress_robots_breadcrumbs":"","_seopress_robots_freeze_modified_date":"","_seopress_robots_custom_modified_date":"","_seopress_robots_canonical":"","_seopress_social_fb_title":"","_seopress_social_fb_desc":"","_seopress_social_fb_img":"","_seopress_social_fb_img_attachment_id":0,"_seopress_social_fb_img_width":0,"_seopress_social_fb_img_height":0,"_seopress_social_twitter_title":"","_seopress_social_twitter_desc":"","_seopress_social_twitter_img":"","_seopress_social_twitter_img_attachment_id":0,"_seopress_social_twitter_img_width":0,"_seopress_social_twitter_img_height":0,"_seopress_redirections_value":"","_seopress_redirections_enabled":"","_seopress_redirections_enabled_regex":"","_seopress_redirections_logged_status":"","_seopress_redirections_param":"","_seopress_redirections_type":0,"_seopress_analysis_target_kw":"","_seopress_news_disabled":"","_seopress_video_disabled":"","_seopress_video":[],"_seopress_pro_schemas_manual":[],"_seopress_pro_rich_snippets_disable_all":"","_seopress_pro_rich_snippets_disable":[],"_seopress_pro_schemas":[]},"psfc_property_type":[375],"psfc_location":[327],"psfc_operation_type":[369],"psfc_label":[],"class_list":["post-64066","psfc_property","type-psfc_property","status-publish","has-post-thumbnail","hentry","psfc_property_type-duples-appartement-fr","psfc_location-lisboa","psfc_operation_type-a-vendre-fr"],"acf":[],"_links":{"self":[{"href":"https:\/\/vrpartners.pt\/fr\/wp-json\/wp\/v2\/psfc_property\/64066","targetHints":{"allow":["GET"]}}],"collection":[{"href":"https:\/\/vrpartners.pt\/fr\/wp-json\/wp\/v2\/psfc_property"}],"about":[{"href":"https:\/\/vrpartners.pt\/fr\/wp-json\/wp\/v2\/types\/psfc_property"}],"wp:attachment":[{"href":"https:\/\/vrpartners.pt\/fr\/wp-json\/wp\/v2\/media?parent=64066"}],"wp:term":[{"taxonomy":"psfc_property_type","embeddable":true,"href":"https:\/\/vrpartners.pt\/fr\/wp-json\/wp\/v2\/psfc_property_type?post=64066"},{"taxonomy":"psfc_location","embeddable":true,"href":"https:\/\/vrpartners.pt\/fr\/wp-json\/wp\/v2\/psfc_location?post=64066"},{"taxonomy":"psfc_operation_type","embeddable":true,"href":"https:\/\/vrpartners.pt\/fr\/wp-json\/wp\/v2\/psfc_operation_type?post=64066"},{"taxonomy":"psfc_label","embeddable":true,"href":"https:\/\/vrpartners.pt\/fr\/wp-json\/wp\/v2\/psfc_label?post=64066"}],"curies":[{"name":"wp","href":"https:\/\/api.w.org\/{rel}","templated":true}]}}