{"id":64672,"date":"2026-08-14T11:23:23","date_gmt":"2026-08-14T10:23:23","guid":{"rendered":"https:\/\/vrpartners.pt\/properties\/appartement-exclusif-de-4-chambres-avec-terrasse-a-monte-estoril-884539\/"},"modified":"2026-08-16T11:55:07","modified_gmt":"2026-08-16T10:55:07","slug":"appartement-exclusif-de-4-chambres-avec-terrasse-a-monte-estoril-884539","status":"publish","type":"psfc_property","link":"https:\/\/vrpartners.pt\/fr\/properties\/appartement-exclusif-de-4-chambres-avec-terrasse-a-monte-estoril-884539\/","title":{"rendered":"Appartement exclusif de 4 chambres avec terrasse \u00e0 Monte Estoril"},"content":{"rendered":"<p>Grand appartement de 4 chambres dans le quartier exclusif Sab\u00f3ia 876, Monte Estoril.<\/p>\n<p>Implant\u00e9 dans Sab\u00f3ia 876, un nouveau lotissement r\u00e9sidentiel situ\u00e9 dans l\u2019un des emplacements les plus prestigieux de Monte Estoril, cet appartement sophistiqu\u00e9 de 4 chambres combine des espaces g\u00e9n\u00e9reux, une distribution fonctionnelle et une relation privil\u00e9gi\u00e9e entre espaces int\u00e9rieurs et ext\u00e9rieurs.<\/p>\n<p>Situ\u00e9e au 3e \u00e9tage, elle dispose de 239,6 m\u00b2 de surface brute priv\u00e9e, compl\u00e9t\u00e9e par 35,3 m\u00b2 d\u2019espace ext\u00e9rieur priv\u00e9, cr\u00e9ant une r\u00e9sidence grande et confortable, con\u00e7ue pour une exp\u00e9rience contemporaine et exigeante.<\/p>\n<p>La zone sociale est particuli\u00e8rement marquante, avec une pi\u00e8ce d\u2019environ 43,6 m\u00b2, grande et lumineuse, directement li\u00e9e \u00e0 la terrasse. La cuisine, la buanderie et d\u2019autres espaces \u00e9taient organis\u00e9s afin d\u2019assurer la fonctionnalit\u00e9 et le confort dans la vie quotidienne.<\/p>\n<p>L\u2019espace priv\u00e9 comprend quatre chambres, compl\u00e9t\u00e9es par plusieurs toilettes et un coin placard, offrant de l\u2019espace et de l\u2019intimit\u00e9 pour toute la famille.<\/p>\n<p>L\u2019appartement dispose \u00e9galement d\u2019une place de parking et b\u00e9n\u00e9ficie d\u2019un emplacement exceptionnel, sur l\u2019Avenida de Sab\u00f3ia, proche des plages, des boutiques, des restaurants et des services de Monte Estoril.<\/p>\n<p>Avec un ach\u00e8vement pr\u00e9vu pour la fin de 2026, il s\u2019agit d\u2019une opportunit\u00e9 d\u2019acqu\u00e9rir une nouvelle r\u00e9sidence exclusive dans l\u2019une des zones les plus pris\u00e9es de la ligne Cascais.<\/p>\n<p>Contactez-nous pour conna\u00eetre cette faction, consulter le plan d\u2019\u00e9tage complet et planifier une pr\u00e9sentation priv\u00e9e.<\/p>\n","protected":false},"template":"","meta":{"_acf_changed":false,"_seopress_titles_title":"","_seopress_titles_desc":"","_seopress_robots_index":"","_seopress_robots_follow":"","_seopress_robots_imageindex":"","_seopress_robots_snippet":"","_seopress_robots_primary_cat":"","_seopress_robots_breadcrumbs":"","_seopress_robots_freeze_modified_date":"","_seopress_robots_custom_modified_date":"","_seopress_robots_canonical":"","_seopress_social_fb_title":"","_seopress_social_fb_desc":"","_seopress_social_fb_img":"","_seopress_social_fb_img_attachment_id":0,"_seopress_social_fb_img_width":0,"_seopress_social_fb_img_height":0,"_seopress_social_twitter_title":"","_seopress_social_twitter_desc":"","_seopress_social_twitter_img":"","_seopress_social_twitter_img_attachment_id":0,"_seopress_social_twitter_img_width":0,"_seopress_social_twitter_img_height":0,"_seopress_redirections_value":"","_seopress_redirections_enabled":"","_seopress_redirections_enabled_regex":"","_seopress_redirections_logged_status":"","_seopress_redirections_param":"","_seopress_redirections_type":0,"_seopress_analysis_target_kw":"","_seopress_news_disabled":"","_seopress_video_disabled":"","_seopress_video":[],"_seopress_pro_schemas_manual":[],"_seopress_pro_rich_snippets_disable_all":"","_seopress_pro_rich_snippets_disable":[],"_seopress_pro_schemas":[]},"psfc_property_type":[372],"psfc_location":[333],"psfc_operation_type":[369],"psfc_label":[],"class_list":["post-64672","psfc_property","type-psfc_property","status-publish","has-post-thumbnail","hentry","psfc_property_type-appartement-fr","psfc_location-cascais","psfc_operation_type-a-vendre-fr"],"acf":[],"_links":{"self":[{"href":"https:\/\/vrpartners.pt\/fr\/wp-json\/wp\/v2\/psfc_property\/64672","targetHints":{"allow":["GET"]}}],"collection":[{"href":"https:\/\/vrpartners.pt\/fr\/wp-json\/wp\/v2\/psfc_property"}],"about":[{"href":"https:\/\/vrpartners.pt\/fr\/wp-json\/wp\/v2\/types\/psfc_property"}],"wp:attachment":[{"href":"https:\/\/vrpartners.pt\/fr\/wp-json\/wp\/v2\/media?parent=64672"}],"wp:term":[{"taxonomy":"psfc_property_type","embeddable":true,"href":"https:\/\/vrpartners.pt\/fr\/wp-json\/wp\/v2\/psfc_property_type?post=64672"},{"taxonomy":"psfc_location","embeddable":true,"href":"https:\/\/vrpartners.pt\/fr\/wp-json\/wp\/v2\/psfc_location?post=64672"},{"taxonomy":"psfc_operation_type","embeddable":true,"href":"https:\/\/vrpartners.pt\/fr\/wp-json\/wp\/v2\/psfc_operation_type?post=64672"},{"taxonomy":"psfc_label","embeddable":true,"href":"https:\/\/vrpartners.pt\/fr\/wp-json\/wp\/v2\/psfc_label?post=64672"}],"curies":[{"name":"wp","href":"https:\/\/api.w.org\/{rel}","templated":true}]}}