{"id":64673,"date":"2026-08-14T11:57:32","date_gmt":"2026-08-14T10:57:32","guid":{"rendered":"https:\/\/vrpartners.pt\/properties\/appartement-exclusif-de-5-chambres-avec-terrasse-a-monte-estoril-884543\/"},"modified":"2026-08-14T11:57:32","modified_gmt":"2026-08-14T10:57:32","slug":"appartement-exclusif-de-5-chambres-avec-terrasse-a-monte-estoril-884543","status":"publish","type":"psfc_property","link":"https:\/\/vrpartners.pt\/fr\/properties\/appartement-exclusif-de-5-chambres-avec-terrasse-a-monte-estoril-884543\/","title":{"rendered":"Appartement exclusif de 5 chambres avec terrasse \u00e0 Monte Estoril"},"content":{"rendered":"<p>Exclusivit\u00e9, espace et confort au c\u0153ur de Monte Estoril.<\/p>\n<p>Int\u00e9gr\u00e9 dans le prestigieux Sab\u00f3ia 876, cet \u00e9l\u00e9gant appartement de 5 chambres, situ\u00e9 au 2e \u00e9tage, se distingue par ses espaces g\u00e9n\u00e9reux, son excellente distribution et son espace ext\u00e9rieur g\u00e9n\u00e9reux.<\/p>\n<p>Avec 265,1 m\u00b2 d\u2019espace brut priv\u00e9, cette r\u00e9sidence propose cinq chambres, incluant une configuration int\u00e9grant un bureau, un placard et plusieurs installations sanitaires, offrant confort et intimit\u00e9 pour une exp\u00e9rience familiale de haut niveau.<\/p>\n<p>L\u2019espace social est caract\u00e9ris\u00e9 par un grand salon d\u2019environ 43,6 m\u00b2, directement reli\u00e9 \u00e0 un balcon\/terrasse g\u00e9n\u00e9reux de 95 m\u00b2, cr\u00e9ant une extension naturelle de l\u2019espace int\u00e9rieur et un espace privil\u00e9gi\u00e9 pour la restauration en plein air, les loisirs ou simplement pour profiter des environs.<\/p>\n<p>La cuisine et la buanderie sont strat\u00e9giquement plac\u00e9es \u00e0 c\u00f4t\u00e9 de l\u2019espace social, tandis que l\u2019espace priv\u00e9 assure une s\u00e9paration fonctionnelle entre les diff\u00e9rents environnements de la maison.<\/p>\n<p>La fraction dispose \u00e9galement d\u2019une place de parking et b\u00e9n\u00e9ficie de l\u2019emplacement privil\u00e9gi\u00e9 de Sab\u00f3ia 876, sur l\u2019Avenida de Sab\u00f3ia, dans le Monte Estoril, proche des plages, des boutiques, des restaurants et des services.<\/p>\n<p>Avec l\u2019ach\u00e8vement pr\u00e9vu pour la fin de 2026, c\u2019est une opportunit\u00e9 d\u2019acqu\u00e9rir une grande r\u00e9sidence dans l\u2019une des adresses les plus exclusives de la ligne de Cascais.<\/p>\n<p>Contactez-nous pour conna\u00eetre cette faction, recevoir toutes les informations sur le projet et planifier une pr\u00e9sentation priv\u00e9e.<\/p>\n","protected":false},"template":"","meta":{"_acf_changed":false,"_seopress_titles_title":"","_seopress_titles_desc":"","_seopress_robots_index":"","_seopress_robots_follow":"","_seopress_robots_imageindex":"","_seopress_robots_snippet":"","_seopress_robots_primary_cat":"","_seopress_robots_breadcrumbs":"","_seopress_robots_freeze_modified_date":"","_seopress_robots_custom_modified_date":"","_seopress_robots_canonical":"","_seopress_social_fb_title":"","_seopress_social_fb_desc":"","_seopress_social_fb_img":"","_seopress_social_fb_img_attachment_id":0,"_seopress_social_fb_img_width":0,"_seopress_social_fb_img_height":0,"_seopress_social_twitter_title":"","_seopress_social_twitter_desc":"","_seopress_social_twitter_img":"","_seopress_social_twitter_img_attachment_id":0,"_seopress_social_twitter_img_width":0,"_seopress_social_twitter_img_height":0,"_seopress_redirections_value":"","_seopress_redirections_enabled":"","_seopress_redirections_enabled_regex":"","_seopress_redirections_logged_status":"","_seopress_redirections_param":"","_seopress_redirections_type":0,"_seopress_analysis_target_kw":"","_seopress_news_disabled":"","_seopress_video_disabled":"","_seopress_video":[],"_seopress_pro_schemas_manual":[],"_seopress_pro_rich_snippets_disable_all":"","_seopress_pro_rich_snippets_disable":[],"_seopress_pro_schemas":[]},"psfc_property_type":[372],"psfc_location":[333],"psfc_operation_type":[369],"psfc_label":[],"class_list":["post-64673","psfc_property","type-psfc_property","status-publish","has-post-thumbnail","hentry","psfc_property_type-appartement-fr","psfc_location-cascais","psfc_operation_type-a-vendre-fr"],"acf":[],"_links":{"self":[{"href":"https:\/\/vrpartners.pt\/fr\/wp-json\/wp\/v2\/psfc_property\/64673","targetHints":{"allow":["GET"]}}],"collection":[{"href":"https:\/\/vrpartners.pt\/fr\/wp-json\/wp\/v2\/psfc_property"}],"about":[{"href":"https:\/\/vrpartners.pt\/fr\/wp-json\/wp\/v2\/types\/psfc_property"}],"wp:attachment":[{"href":"https:\/\/vrpartners.pt\/fr\/wp-json\/wp\/v2\/media?parent=64673"}],"wp:term":[{"taxonomy":"psfc_property_type","embeddable":true,"href":"https:\/\/vrpartners.pt\/fr\/wp-json\/wp\/v2\/psfc_property_type?post=64673"},{"taxonomy":"psfc_location","embeddable":true,"href":"https:\/\/vrpartners.pt\/fr\/wp-json\/wp\/v2\/psfc_location?post=64673"},{"taxonomy":"psfc_operation_type","embeddable":true,"href":"https:\/\/vrpartners.pt\/fr\/wp-json\/wp\/v2\/psfc_operation_type?post=64673"},{"taxonomy":"psfc_label","embeddable":true,"href":"https:\/\/vrpartners.pt\/fr\/wp-json\/wp\/v2\/psfc_label?post=64673"}],"curies":[{"name":"wp","href":"https:\/\/api.w.org\/{rel}","templated":true}]}}