{"id":68457,"date":"2026-08-24T22:47:31","date_gmt":"2026-08-24T21:47:31","guid":{"rendered":"https:\/\/vrpartners.pt\/properties\/t21-avec-116-m%c2%b2-et-toit-avec-piscine-a-estrela-888570\/"},"modified":"2026-08-24T22:47:31","modified_gmt":"2026-08-24T21:47:31","slug":"t21-avec-116-m%c2%b2-et-toit-avec-piscine-a-estrela-888570","status":"publish","type":"psfc_property","link":"https:\/\/vrpartners.pt\/fr\/properties\/t21-avec-116-m%c2%b2-et-toit-avec-piscine-a-estrela-888570\/","title":{"rendered":"T2+1 avec 116 m\u00b2 et toit avec piscine \u00e0 Estrela"},"content":{"rendered":"<p>Appartement de 2+1 chambres avec environ 116 m\u00b2 de surface brute priv\u00e9e, ins\u00e9r\u00e9 dans Infante Residences, un lotissement r\u00e9sidentiel haut de gamme situ\u00e9 \u00e0 Estrela, l\u2019un des quartiers les plus nobles et les plus recherch\u00e9s de Lisbonne.<\/p>\n<p>Cette r\u00e9sidence se distingue par sa distribution fonctionnelle et ses espaces g\u00e9n\u00e9reux. Il dispose d\u2019un grand salon et d\u2019une salle \u00e0 manger, d\u2019une cuisine enti\u00e8rement \u00e9quip\u00e9e, de deux suites int\u00e9rieures, d\u2019un espace suppl\u00e9mentaire pouvant servir de bureau ou de chambre, d\u2019une buanderie et de trois salles de bains. Le plan comprend \u00e9galement une place de parking.<br \/>\nLes int\u00e9rieurs ont \u00e9t\u00e9 soigneusement con\u00e7us, alliant confort et qualit\u00e9, avec un parquet en ch\u00eane, une cuisine \u00e9quip\u00e9e d\u2019appareils SMEG ou \u00e9quivalents, la climatisation, des cadres de fen\u00eatres \u00e0 double vitrage et des finitions de haute qualit\u00e9.<\/p>\n<p>Le condominium dispose d\u2019un toit exclusif avec piscine et espace de loisirs, offrant un espace privil\u00e9gi\u00e9 pour profiter d\u2019une vue panoramique sur Lisbonne et le fleuve Tage.<\/p>\n<p>L\u2019emplacement vous permet de vivre pr\u00e8s du quartier riverain, des jardins, des boutiques, des restaurants, des \u00e9coles, des h\u00f4pitaux et des transports, avec d\u2019excellentes connexions avec les principales zones de la ville.<\/p>\n<p>Une solution r\u00e9sidentielle qui allie la tranquillit\u00e9 et le prestige d\u2019Estrela \u00e0 la proximit\u00e9 de tout ce que Lisbonne a \u00e0 offrir.<\/p>\n<p>Contactez-nous pour conna\u00eetre le forfait, la disponibilit\u00e9 et les conditions d\u2019achat, et planifier votre visite priv\u00e9e.<\/p>\n","protected":false},"template":"","meta":{"_acf_changed":false,"_seopress_titles_title":"","_seopress_titles_desc":"","_seopress_robots_index":"","_seopress_robots_follow":"","_seopress_robots_imageindex":"","_seopress_robots_snippet":"","_seopress_robots_primary_cat":"","_seopress_robots_breadcrumbs":"","_seopress_robots_freeze_modified_date":"","_seopress_robots_custom_modified_date":"","_seopress_robots_canonical":"","_seopress_social_fb_title":"","_seopress_social_fb_desc":"","_seopress_social_fb_img":"","_seopress_social_fb_img_attachment_id":0,"_seopress_social_fb_img_width":0,"_seopress_social_fb_img_height":0,"_seopress_social_twitter_title":"","_seopress_social_twitter_desc":"","_seopress_social_twitter_img":"","_seopress_social_twitter_img_attachment_id":0,"_seopress_social_twitter_img_width":0,"_seopress_social_twitter_img_height":0,"_seopress_redirections_value":"","_seopress_redirections_enabled":"","_seopress_redirections_enabled_regex":"","_seopress_redirections_logged_status":"","_seopress_redirections_param":"","_seopress_redirections_type":0,"_seopress_analysis_target_kw":"","_seopress_news_disabled":"","_seopress_video_disabled":"","_seopress_video":[],"_seopress_pro_schemas_manual":[],"_seopress_pro_rich_snippets_disable_all":"","_seopress_pro_rich_snippets_disable":[],"_seopress_pro_schemas":[]},"psfc_property_type":[372],"psfc_location":[327],"psfc_operation_type":[369],"psfc_label":[],"class_list":["post-68457","psfc_property","type-psfc_property","status-publish","has-post-thumbnail","hentry","psfc_property_type-appartement-fr","psfc_location-lisboa","psfc_operation_type-a-vendre-fr"],"acf":[],"_links":{"self":[{"href":"https:\/\/vrpartners.pt\/fr\/wp-json\/wp\/v2\/psfc_property\/68457","targetHints":{"allow":["GET"]}}],"collection":[{"href":"https:\/\/vrpartners.pt\/fr\/wp-json\/wp\/v2\/psfc_property"}],"about":[{"href":"https:\/\/vrpartners.pt\/fr\/wp-json\/wp\/v2\/types\/psfc_property"}],"wp:attachment":[{"href":"https:\/\/vrpartners.pt\/fr\/wp-json\/wp\/v2\/media?parent=68457"}],"wp:term":[{"taxonomy":"psfc_property_type","embeddable":true,"href":"https:\/\/vrpartners.pt\/fr\/wp-json\/wp\/v2\/psfc_property_type?post=68457"},{"taxonomy":"psfc_location","embeddable":true,"href":"https:\/\/vrpartners.pt\/fr\/wp-json\/wp\/v2\/psfc_location?post=68457"},{"taxonomy":"psfc_operation_type","embeddable":true,"href":"https:\/\/vrpartners.pt\/fr\/wp-json\/wp\/v2\/psfc_operation_type?post=68457"},{"taxonomy":"psfc_label","embeddable":true,"href":"https:\/\/vrpartners.pt\/fr\/wp-json\/wp\/v2\/psfc_label?post=68457"}],"curies":[{"name":"wp","href":"https:\/\/api.w.org\/{rel}","templated":true}]}}