{"id":68722,"date":"2026-08-25T01:32:23","date_gmt":"2026-08-25T00:32:23","guid":{"rendered":"https:\/\/vrpartners.pt\/properties\/liv-santa-catarina-t2-de-166-m%c2%b2-avec-2-suites-888682\/"},"modified":"2026-08-25T01:32:23","modified_gmt":"2026-08-25T00:32:23","slug":"liv-santa-catarina-t2-de-166-m%c2%b2-avec-2-suites-888682","status":"publish","type":"psfc_property","link":"https:\/\/vrpartners.pt\/fr\/properties\/liv-santa-catarina-t2-de-166-m%c2%b2-avec-2-suites-888682\/","title":{"rendered":"LIV Santa Catarina | T2 de 166 m\u00b2 avec 2 suites"},"content":{"rendered":"<p>LIV Santa Catarina \u2014 Appartement exclusif de 2 chambres de 166 m\u00b2, deux suites et un emplacement privil\u00e9gi\u00e9 au c\u0153ur de Lisbonne.<\/p>\n<p>Situ\u00e9 sur la Rua Marechal Saldanha, entre Santa Catarina, Chiado, Bica et Bairro Alto, cet appartement fait partie de LIV Santa Catarina, un lotissement qui combine l\u2019architecture historique d\u2019un b\u00e2timent lisoph\u00e8ne du XIXe si\u00e8cle avec des int\u00e9rieurs contemporains et des normes de qualit\u00e9 \u00e9lev\u00e9es.<\/p>\n<p>Avec 166 m\u00b2 de surface brute priv\u00e9e, ce T2 se distingue par sa taille inhabituelle pour son emplacement et la distribution g\u00e9n\u00e9reuse des espaces. Situ\u00e9 au premier \u00e9tage, il dispose de deux suites, trois salles de bain et d\u2019un grand espace social, offrant une exp\u00e9rience r\u00e9sidentielle confortable et sophistiqu\u00e9e.<\/p>\n<p>Le salon et la cuisine sont am\u00e9nag\u00e9s en configuration ouverte, cr\u00e9ant un espace grand et lumineux pour vivre et se r\u00e9veiller. La cuisine est enti\u00e8rement \u00e9quip\u00e9e d\u2019appareils haut de gamme et de mat\u00e9riaux haut de gamme, compl\u00e9tant le design contemporain de l\u2019appartement.<\/p>\n<p>Les int\u00e9rieurs ont \u00e9t\u00e9 con\u00e7us avec une esth\u00e9tique \u00e9l\u00e9gante et intemporelle, utilisant des mat\u00e9riaux de haute qualit\u00e9, notamment le ch\u00eane, la pierre technique et des finitions soigneusement s\u00e9lectionn\u00e9es. L\u2019appartement b\u00e9n\u00e9ficie \u00e9galement des solutions de confort propos\u00e9es pour le lotissement, telles que des cadres \u00e0 double vitrage \u00e0 faible \u00e9missivit\u00e9 et des armoires int\u00e9gr\u00e9es.<\/p>\n<p>L\u2019emplacement apporte une valeur difficile \u00e0 reproduire : \u00e0 quelques minutes \u00e0 pied de Chiado, Bairro Alto, Bica, Cais do Sodr\u00e9 et Tejo, dans l\u2019un des quartiers les plus int\u00e9ressants de Lisbonne, avec une large gamme de restaurants, de boutiques, de culture et de transports.<\/p>\n<p>Une occasion rare d\u2019acqu\u00e9rir un T2 de 166 m\u00b2, avec deux suites, dans un b\u00e2timent historique enti\u00e8rement r\u00e9habilit\u00e9 au centre de Lisbonne.<\/p>\n<p>Contactez-nous pour plus d\u2019informations ou pour planifier une visite.<\/p>\n","protected":false},"template":"","meta":{"_acf_changed":false,"_seopress_titles_title":"","_seopress_titles_desc":"","_seopress_robots_index":"","_seopress_robots_follow":"","_seopress_robots_imageindex":"","_seopress_robots_snippet":"","_seopress_robots_primary_cat":"","_seopress_robots_breadcrumbs":"","_seopress_robots_freeze_modified_date":"","_seopress_robots_custom_modified_date":"","_seopress_robots_canonical":"","_seopress_social_fb_title":"","_seopress_social_fb_desc":"","_seopress_social_fb_img":"","_seopress_social_fb_img_attachment_id":0,"_seopress_social_fb_img_width":0,"_seopress_social_fb_img_height":0,"_seopress_social_twitter_title":"","_seopress_social_twitter_desc":"","_seopress_social_twitter_img":"","_seopress_social_twitter_img_attachment_id":0,"_seopress_social_twitter_img_width":0,"_seopress_social_twitter_img_height":0,"_seopress_redirections_value":"","_seopress_redirections_enabled":"","_seopress_redirections_enabled_regex":"","_seopress_redirections_logged_status":"","_seopress_redirections_param":"","_seopress_redirections_type":0,"_seopress_analysis_target_kw":"","_seopress_news_disabled":"","_seopress_video_disabled":"","_seopress_video":[],"_seopress_pro_schemas_manual":[],"_seopress_pro_rich_snippets_disable_all":"","_seopress_pro_rich_snippets_disable":[],"_seopress_pro_schemas":[]},"psfc_property_type":[372],"psfc_location":[327],"psfc_operation_type":[369],"psfc_label":[],"class_list":["post-68722","psfc_property","type-psfc_property","status-publish","has-post-thumbnail","hentry","psfc_property_type-appartement-fr","psfc_location-lisboa","psfc_operation_type-a-vendre-fr"],"acf":[],"_links":{"self":[{"href":"https:\/\/vrpartners.pt\/fr\/wp-json\/wp\/v2\/psfc_property\/68722","targetHints":{"allow":["GET"]}}],"collection":[{"href":"https:\/\/vrpartners.pt\/fr\/wp-json\/wp\/v2\/psfc_property"}],"about":[{"href":"https:\/\/vrpartners.pt\/fr\/wp-json\/wp\/v2\/types\/psfc_property"}],"wp:attachment":[{"href":"https:\/\/vrpartners.pt\/fr\/wp-json\/wp\/v2\/media?parent=68722"}],"wp:term":[{"taxonomy":"psfc_property_type","embeddable":true,"href":"https:\/\/vrpartners.pt\/fr\/wp-json\/wp\/v2\/psfc_property_type?post=68722"},{"taxonomy":"psfc_location","embeddable":true,"href":"https:\/\/vrpartners.pt\/fr\/wp-json\/wp\/v2\/psfc_location?post=68722"},{"taxonomy":"psfc_operation_type","embeddable":true,"href":"https:\/\/vrpartners.pt\/fr\/wp-json\/wp\/v2\/psfc_operation_type?post=68722"},{"taxonomy":"psfc_label","embeddable":true,"href":"https:\/\/vrpartners.pt\/fr\/wp-json\/wp\/v2\/psfc_label?post=68722"}],"curies":[{"name":"wp","href":"https:\/\/api.w.org\/{rel}","templated":true}]}}