{"id":68733,"date":"2026-08-25T01:57:46","date_gmt":"2026-08-25T00:57:46","guid":{"rendered":"https:\/\/vrpartners.pt\/properties\/liv-santa-catarina-t2-de-130-m%c2%b2-a-lisbonne-888761\/"},"modified":"2026-08-25T01:57:46","modified_gmt":"2026-08-25T00:57:46","slug":"liv-santa-catarina-t2-de-130-m%c2%b2-a-lisbonne-888761","status":"publish","type":"psfc_property","link":"https:\/\/vrpartners.pt\/fr\/properties\/liv-santa-catarina-t2-de-130-m%c2%b2-a-lisbonne-888761\/","title":{"rendered":"LIV Santa Catarina | T2 de 130 m\u00b2 \u00e0 Lisbonne"},"content":{"rendered":"<p>LIV Santa Catarina \u2014 T2 de 130 m\u00b2 dans un b\u00e2timent historique enti\u00e8rement r\u00e9habilit\u00e9, au c\u0153ur de Lisbonne.<\/p>\n<p>Avec 130 m\u00b2 de surface brute priv\u00e9e, cet appartement se distingue par la g\u00e9n\u00e9rosit\u00e9 des espaces et une distribution fonctionnelle, offrant un espace convivial confortable, une suite, une deuxi\u00e8me chambre et deux salles de bains.<\/p>\n<p>Int\u00e9gr\u00e9 \u00e0 LIV Santa Catarina, l\u2019appartement allie le caract\u00e8re d\u2019un b\u00e2timent portugais du XIXe si\u00e8cle \u00e0 une approche contemporaine, marqu\u00e9e par des mat\u00e9riaux de haute qualit\u00e9, des lignes \u00e9l\u00e9gantes et une atmosph\u00e8re sophistiqu\u00e9e et intemporelle.<\/p>\n<p>L\u2019espace social int\u00e8gre le salon et la cuisine, cr\u00e9ant une ambiance vaste et accueillante. La cuisine est enti\u00e8rement \u00e9quip\u00e9e d\u2019appareils haut de gamme et de finitions haut de gamme, con\u00e7ues pour r\u00e9pondre aux exigences de la vie contemporaine.<\/p>\n<p>Les int\u00e9rieurs privil\u00e9gient des mat\u00e9riaux naturels et des finitions de qualit\u00e9, notamment le bois de ch\u00eane, les meubles laqu\u00e9s et les surfaces techniques \u00e0 haute r\u00e9sistance. Les salles de bain sont dot\u00e9es de pierre entreteinte, de vaisselle suspendue et de meubles laqu\u00e9s.<\/p>\n<p>L\u2019emplacement est un autre des grands atouts de cette propri\u00e9t\u00e9. Situ\u00e9 sur la Rua Marechal Saldanha, le LIV Santa Catarina se situe entre certains des quartiers les plus embl\u00e9matiques de Lisbonne, tels que Santa Catarina, Bica, Chiado et Bairro Alto, avec des restaurants, des boutiques, de la culture et des transports \u00e0 seulement quelques minutes.<\/p>\n<p>Une opportunit\u00e9 de vivre ou d\u2019investir dans l\u2019un des quartiers les plus recherch\u00e9s et authentiques de Lisbonne, dans un appartement de taille g\u00e9n\u00e9reuse et int\u00e9gr\u00e9 dans un lotissement au caract\u00e8re unique.<\/p>\n<p>Contactez-nous pour plus d\u2019informations sur cette fraction ou pour planifier une visite.<\/p>\n","protected":false},"template":"","meta":{"_acf_changed":false,"_seopress_titles_title":"","_seopress_titles_desc":"","_seopress_robots_index":"","_seopress_robots_follow":"","_seopress_robots_imageindex":"","_seopress_robots_snippet":"","_seopress_robots_primary_cat":"","_seopress_robots_breadcrumbs":"","_seopress_robots_freeze_modified_date":"","_seopress_robots_custom_modified_date":"","_seopress_robots_canonical":"","_seopress_social_fb_title":"","_seopress_social_fb_desc":"","_seopress_social_fb_img":"","_seopress_social_fb_img_attachment_id":0,"_seopress_social_fb_img_width":0,"_seopress_social_fb_img_height":0,"_seopress_social_twitter_title":"","_seopress_social_twitter_desc":"","_seopress_social_twitter_img":"","_seopress_social_twitter_img_attachment_id":0,"_seopress_social_twitter_img_width":0,"_seopress_social_twitter_img_height":0,"_seopress_redirections_value":"","_seopress_redirections_enabled":"","_seopress_redirections_enabled_regex":"","_seopress_redirections_logged_status":"","_seopress_redirections_param":"","_seopress_redirections_type":0,"_seopress_analysis_target_kw":"","_seopress_news_disabled":"","_seopress_video_disabled":"","_seopress_video":[],"_seopress_pro_schemas_manual":[],"_seopress_pro_rich_snippets_disable_all":"","_seopress_pro_rich_snippets_disable":[],"_seopress_pro_schemas":[]},"psfc_property_type":[372],"psfc_location":[327],"psfc_operation_type":[369],"psfc_label":[],"class_list":["post-68733","psfc_property","type-psfc_property","status-publish","has-post-thumbnail","hentry","psfc_property_type-appartement-fr","psfc_location-lisboa","psfc_operation_type-a-vendre-fr"],"acf":[],"_links":{"self":[{"href":"https:\/\/vrpartners.pt\/fr\/wp-json\/wp\/v2\/psfc_property\/68733","targetHints":{"allow":["GET"]}}],"collection":[{"href":"https:\/\/vrpartners.pt\/fr\/wp-json\/wp\/v2\/psfc_property"}],"about":[{"href":"https:\/\/vrpartners.pt\/fr\/wp-json\/wp\/v2\/types\/psfc_property"}],"wp:attachment":[{"href":"https:\/\/vrpartners.pt\/fr\/wp-json\/wp\/v2\/media?parent=68733"}],"wp:term":[{"taxonomy":"psfc_property_type","embeddable":true,"href":"https:\/\/vrpartners.pt\/fr\/wp-json\/wp\/v2\/psfc_property_type?post=68733"},{"taxonomy":"psfc_location","embeddable":true,"href":"https:\/\/vrpartners.pt\/fr\/wp-json\/wp\/v2\/psfc_location?post=68733"},{"taxonomy":"psfc_operation_type","embeddable":true,"href":"https:\/\/vrpartners.pt\/fr\/wp-json\/wp\/v2\/psfc_operation_type?post=68733"},{"taxonomy":"psfc_label","embeddable":true,"href":"https:\/\/vrpartners.pt\/fr\/wp-json\/wp\/v2\/psfc_label?post=68733"}],"curies":[{"name":"wp","href":"https:\/\/api.w.org\/{rel}","templated":true}]}}