{"id":68734,"date":"2026-08-25T02:01:11","date_gmt":"2026-08-25T01:01:11","guid":{"rendered":"https:\/\/vrpartners.pt\/properties\/liv-santa-catarina-t3-avec-terrasse-jacuzzi-et-parking-888762\/"},"modified":"2026-08-25T02:01:11","modified_gmt":"2026-08-25T01:01:11","slug":"liv-santa-catarina-t3-avec-terrasse-jacuzzi-et-parking-888762","status":"publish","type":"psfc_property","link":"https:\/\/vrpartners.pt\/fr\/properties\/liv-santa-catarina-t3-avec-terrasse-jacuzzi-et-parking-888762\/","title":{"rendered":"LIV Santa Catarina | T3 avec terrasse, jacuzzi et parking"},"content":{"rendered":"<p>Appartement exclusif de 3 chambres de 197 m\u00b2, terrasse priv\u00e9e, jacuzzi et parking, au c\u0153ur de Lisbonne.<\/p>\n<p>Avec 197 m\u00b2 de surface brute priv\u00e9e et 27 m\u00b2 d\u2019espace ext\u00e9rieur priv\u00e9, cette propri\u00e9t\u00e9 se distingue par sa taille, ses espaces ext\u00e9rieurs et le niveau de confort qu\u2019elle offre.<\/p>\n<p>L\u2019appartement dispose de trois chambres, dont deux suites, un grand espace social et une cuisine int\u00e9gr\u00e9e, cr\u00e9ant une ambiance contemporaine, \u00e9l\u00e9gante et fonctionnelle. \u00c0 l\u2019ext\u00e9rieur, la terrasse priv\u00e9e avec jacuzzi offre un espace exclusif pour se d\u00e9tendre et profiter de l\u2019ambiance de Lisbonne.<\/p>\n<p>La propri\u00e9t\u00e9 comprend \u00e9galement une place de parking, un atout particuli\u00e8rement pertinent dans un emplacement central comme Santa Catarina.<\/p>\n<p>Ins\u00e9r\u00e9 dans la LIV Santa Catarina, cet appartement int\u00e8gre un b\u00e2timent historique du XIXe si\u00e8cle soigneusement r\u00e9habilit\u00e9, o\u00f9 l\u2019architecture portugaise traditionnelle se combine \u00e0 des int\u00e9rieurs contemporains et \u00e0 des mat\u00e9riaux de haute qualit\u00e9.<\/p>\n<p>La cuisine est enti\u00e8rement \u00e9quip\u00e9e d\u2019appareils haut de gamme et de finitions haut de gamme. L\u2019int\u00e9rieur du T3 comprend un parquet en bois de ch\u00eane \u00e0 plusieurs couches, des meubles laqu\u00e9s et des solutions soigneusement s\u00e9lectionn\u00e9es. Les salles de bain sont dot\u00e9es de pierre fritt\u00e9e, de vaisselle suspendue et d\u2019armoires laqu\u00e9es, tandis que le chauffage par le sol apporte du confort \u00e0 la vie quotidienne.<\/p>\n<p>L\u2019emplacement est un autre des grands atouts de cette propri\u00e9t\u00e9. Situ\u00e9 sur la Rua Marechal Saldanha, le LIV Santa Catarina est situ\u00e9 entre Santa Catarina, Bica, Chiado et Bairro Alto, avec une large gamme de restaurants, de boutiques, de culture et de transports \u00e0 proximit\u00e9.<\/p>\n<p>Une propri\u00e9t\u00e9 rare au centre de Lisbonne, qui combine 197 m\u00b2, terrasse priv\u00e9e avec jacuzzi, deux suites et parking, dans un b\u00e2timent historique enti\u00e8rement r\u00e9habilit\u00e9.<\/p>\n<p>Contactez-nous pour plus d\u2019informations ou pour planifier une visite.<\/p>\n","protected":false},"template":"","meta":{"_acf_changed":false,"_seopress_titles_title":"","_seopress_titles_desc":"","_seopress_robots_index":"","_seopress_robots_follow":"","_seopress_robots_imageindex":"","_seopress_robots_snippet":"","_seopress_robots_primary_cat":"","_seopress_robots_breadcrumbs":"","_seopress_robots_freeze_modified_date":"","_seopress_robots_custom_modified_date":"","_seopress_robots_canonical":"","_seopress_social_fb_title":"","_seopress_social_fb_desc":"","_seopress_social_fb_img":"","_seopress_social_fb_img_attachment_id":0,"_seopress_social_fb_img_width":0,"_seopress_social_fb_img_height":0,"_seopress_social_twitter_title":"","_seopress_social_twitter_desc":"","_seopress_social_twitter_img":"","_seopress_social_twitter_img_attachment_id":0,"_seopress_social_twitter_img_width":0,"_seopress_social_twitter_img_height":0,"_seopress_redirections_value":"","_seopress_redirections_enabled":"","_seopress_redirections_enabled_regex":"","_seopress_redirections_logged_status":"","_seopress_redirections_param":"","_seopress_redirections_type":0,"_seopress_analysis_target_kw":"","_seopress_news_disabled":"","_seopress_video_disabled":"","_seopress_video":[],"_seopress_pro_schemas_manual":[],"_seopress_pro_rich_snippets_disable_all":"","_seopress_pro_rich_snippets_disable":[],"_seopress_pro_schemas":[]},"psfc_property_type":[372],"psfc_location":[327],"psfc_operation_type":[369],"psfc_label":[],"class_list":["post-68734","psfc_property","type-psfc_property","status-publish","has-post-thumbnail","hentry","psfc_property_type-appartement-fr","psfc_location-lisboa","psfc_operation_type-a-vendre-fr"],"acf":[],"_links":{"self":[{"href":"https:\/\/vrpartners.pt\/fr\/wp-json\/wp\/v2\/psfc_property\/68734","targetHints":{"allow":["GET"]}}],"collection":[{"href":"https:\/\/vrpartners.pt\/fr\/wp-json\/wp\/v2\/psfc_property"}],"about":[{"href":"https:\/\/vrpartners.pt\/fr\/wp-json\/wp\/v2\/types\/psfc_property"}],"wp:attachment":[{"href":"https:\/\/vrpartners.pt\/fr\/wp-json\/wp\/v2\/media?parent=68734"}],"wp:term":[{"taxonomy":"psfc_property_type","embeddable":true,"href":"https:\/\/vrpartners.pt\/fr\/wp-json\/wp\/v2\/psfc_property_type?post=68734"},{"taxonomy":"psfc_location","embeddable":true,"href":"https:\/\/vrpartners.pt\/fr\/wp-json\/wp\/v2\/psfc_location?post=68734"},{"taxonomy":"psfc_operation_type","embeddable":true,"href":"https:\/\/vrpartners.pt\/fr\/wp-json\/wp\/v2\/psfc_operation_type?post=68734"},{"taxonomy":"psfc_label","embeddable":true,"href":"https:\/\/vrpartners.pt\/fr\/wp-json\/wp\/v2\/psfc_label?post=68734"}],"curies":[{"name":"wp","href":"https:\/\/api.w.org\/{rel}","templated":true}]}}